{"id":2594,"date":"2024-09-25T14:19:38","date_gmt":"2024-09-25T18:19:38","guid":{"rendered":"https:\/\/www.illusionemploi.org\/resena-de-prensa\/"},"modified":"2025-10-07T15:30:31","modified_gmt":"2025-10-07T19:30:31","slug":"resena-de-prensa","status":"publish","type":"page","link":"https:\/\/www.illusionemploi.org\/es\/resena-de-prensa\/","title":{"rendered":"Rese\u00f1a de prensa"},"content":{"rendered":"\n<div class=\"wp-block-group alignfull entete-photo-container has-blanc-background-color has-background is-layout-flow wp-block-group-is-layout-flow\">\n<div class=\"wp-block-cover is-light entete-photo entete-photo--parallax\"><span aria-hidden=\"true\" class=\"wp-block-cover__background has-background-dim-0 has-background-dim\" style=\"background-color:#000000\"><\/span><img loading=\"lazy\" decoding=\"async\" width=\"2560\" height=\"1708\" class=\"wp-block-cover__image-background wp-image-927\" alt=\"\" src=\"https:\/\/www.illusionemploi.org\/wp-content\/uploads\/2024\/09\/journal-scaled.jpg\" data-object-fit=\"cover\" srcset=\"https:\/\/www.illusionemploi.org\/wp-content\/uploads\/2024\/09\/journal-scaled.jpg 2560w, https:\/\/www.illusionemploi.org\/wp-content\/uploads\/2024\/09\/journal-1277x852.jpg 1277w, https:\/\/www.illusionemploi.org\/wp-content\/uploads\/2024\/09\/journal-638x426.jpg 638w, https:\/\/www.illusionemploi.org\/wp-content\/uploads\/2024\/09\/journal-768x513.jpg 768w, https:\/\/www.illusionemploi.org\/wp-content\/uploads\/2024\/09\/journal-1536x1025.jpg 1536w, https:\/\/www.illusionemploi.org\/wp-content\/uploads\/2024\/09\/journal-2048x1367.jpg 2048w\" sizes=\"auto, (max-width: 2560px) 100vw, 2560px\" \/><div class=\"wp-block-cover__inner-container is-layout-flow wp-block-cover-is-layout-flow\">\n<div class=\"wp-block-group entete-photo__contenu is-layout-flow wp-block-group-is-layout-flow\">\n<h1 class=\"wp-block-heading\">RESE\u00d1A DE<br\/>\n  <strong class=\"texte-vert\">PRENSA<\/strong>\n<\/h1>\n<\/div>\n<\/div><\/div>\n<\/div>\n\n<div class=\"wp-block-group introduction is-layout-constrained wp-block-group-is-layout-constrained\" style=\"padding-bottom:120px\">\n<div class=\"wp-block-group introduction-en-vedette inview-anim-zoom-in is-layout-constrained wp-block-group-is-layout-constrained\">\n<p class=\"has-text-align-center has-medium-font-size\" style=\"margin-bottom:0\">Nos mencionan en los peri\u00f3dicos.<br\/>Aqu\u00ed est\u00e1n nuestros art\u00edculos m\u00e1s recientes:<\/p>\n\n\n\n<div class=\"wp-block-group graphique-vagues onscroll-move-right-left is-layout-constrained wp-block-group-is-layout-constrained\">\n<div class=\"wp-block-group graphique-vagues-img is-layout-constrained wp-block-group-is-layout-constrained\">\n<p><\/p>\n<\/div>\n<\/div>\n<\/div>\n\n\n\n<hr class=\"wp-block-separator has-alpha-channel-opacity\"\/>\n\n\n\n<div class=\"wp-block-group is-layout-constrained wp-block-group-is-layout-constrained\">\n<div class=\"wp-block-media-text is-stacked-on-mobile\" style=\"grid-template-columns:35% auto\"><figure class=\"wp-block-media-text__media\"><img loading=\"lazy\" decoding=\"async\" width=\"542\" height=\"610\" src=\"https:\/\/www.illusionemploi.org\/wp-content\/uploads\/2025\/03\/2025-02-01-article-salaire-minimum3.jpg\" alt=\"\" class=\"wp-image-2311 size-full\" srcset=\"https:\/\/www.illusionemploi.org\/wp-content\/uploads\/2025\/03\/2025-02-01-article-salaire-minimum3.jpg 542w, https:\/\/www.illusionemploi.org\/wp-content\/uploads\/2025\/03\/2025-02-01-article-salaire-minimum3-379x426.jpg 379w\" sizes=\"auto, (max-width: 542px) 100vw, 542px\" \/><\/figure><div class=\"wp-block-media-text__content\">\n<p><strong>La Tribune <\/strong><br\/>\n  <em>1 de febrero de 2025<\/em>\n<\/p>\n\n\n\n<p class=\"has-text-align-left has-medium-font-size\"><strong>Un salario m\u00ednimo de $16,10: un aumento desconectado de la realidad<\/strong><\/p>\n\n\n\n<div class=\"wp-block-buttons is-layout-flex wp-block-buttons-is-layout-flex\">\n<div class=\"wp-block-button\"><a class=\"wp-block-button__link wp-element-button\" href=\"https:\/\/ici.radio-canada.ca\/nouvelle\/2094894\/syndicat-sfpq-cnesst-surcharge-harcelement-employes\" target=\"_blank\" rel=\"noreferrer noopener\">LEER EL ART\u00cdCULO<\/a><\/div>\n<\/div>\n<\/div><\/div>\n\n\n\n<hr class=\"wp-block-separator has-alpha-channel-opacity\"\/>\n<\/div>\n\n\n\n<div class=\"wp-block-group is-layout-constrained wp-block-group-is-layout-constrained\">\n<div class=\"wp-block-media-text is-stacked-on-mobile\" style=\"grid-template-columns:35% auto\"><figure class=\"wp-block-media-text__media\"><img loading=\"lazy\" decoding=\"async\" width=\"1708\" height=\"1664\" src=\"https:\/\/www.illusionemploi.org\/wp-content\/uploads\/2024\/10\/2024-08-08-radio-canada-1708x1664.jpg\" alt=\"\" class=\"wp-image-1663 size-full\" srcset=\"https:\/\/www.illusionemploi.org\/wp-content\/uploads\/2024\/10\/2024-08-08-radio-canada-1708x1664.jpg 1708w, https:\/\/www.illusionemploi.org\/wp-content\/uploads\/2024\/10\/2024-08-08-radio-canada-875x852.jpg 875w, https:\/\/www.illusionemploi.org\/wp-content\/uploads\/2024\/10\/2024-08-08-radio-canada-437x426.jpg 437w, https:\/\/www.illusionemploi.org\/wp-content\/uploads\/2024\/10\/2024-08-08-radio-canada-768x748.jpg 768w, https:\/\/www.illusionemploi.org\/wp-content\/uploads\/2024\/10\/2024-08-08-radio-canada-1536x1496.jpg 1536w, https:\/\/www.illusionemploi.org\/wp-content\/uploads\/2024\/10\/2024-08-08-radio-canada.jpg 1852w\" sizes=\"auto, (max-width: 1708px) 100vw, 1708px\" \/><\/figure><div class=\"wp-block-media-text__content\">\n<p><strong>Radio-Canada ICI Estrie <\/strong><br\/>\n  <em>8 de agosto de 2024<\/em>\n<\/p>\n\n\n\n<p class=\"has-text-align-left has-medium-font-size\"><strong>Un sindicato teme un \u201cagotamiento generalizado\u201d en la CNESST<\/strong><\/p>\n\n\n\n<div class=\"wp-block-buttons is-layout-flex wp-block-buttons-is-layout-flex\">\n<div class=\"wp-block-button\"><a class=\"wp-block-button__link wp-element-button\" href=\"https:\/\/ici.radio-canada.ca\/nouvelle\/2094894\/syndicat-sfpq-cnesst-surcharge-harcelement-employes\" target=\"_blank\" rel=\"noreferrer noopener\">LEER EL ART\u00cdCULO<\/a><\/div>\n<\/div>\n<\/div><\/div>\n\n\n\n<hr class=\"wp-block-separator has-alpha-channel-opacity\"\/>\n<\/div>\n\n\n\n<div class=\"wp-block-group is-layout-constrained wp-block-group-is-layout-constrained\">\n<div class=\"wp-block-media-text is-stacked-on-mobile\" style=\"grid-template-columns:35% auto\"><figure class=\"wp-block-media-text__media\"><img loading=\"lazy\" decoding=\"async\" width=\"1775\" height=\"1664\" src=\"https:\/\/www.illusionemploi.org\/wp-content\/uploads\/2024\/09\/2024-09-18-13-radio-canada-1775x1664.jpg\" alt=\"\" class=\"wp-image-920 size-full\" srcset=\"https:\/\/www.illusionemploi.org\/wp-content\/uploads\/2024\/09\/2024-09-18-13-radio-canada-1775x1664.jpg 1775w, https:\/\/www.illusionemploi.org\/wp-content\/uploads\/2024\/09\/2024-09-18-13-radio-canada-909x852.jpg 909w, https:\/\/www.illusionemploi.org\/wp-content\/uploads\/2024\/09\/2024-09-18-13-radio-canada-454x426.jpg 454w, https:\/\/www.illusionemploi.org\/wp-content\/uploads\/2024\/09\/2024-09-18-13-radio-canada-768x720.jpg 768w, https:\/\/www.illusionemploi.org\/wp-content\/uploads\/2024\/09\/2024-09-18-13-radio-canada-1536x1440.jpg 1536w, https:\/\/www.illusionemploi.org\/wp-content\/uploads\/2024\/09\/2024-09-18-13-radio-canada.jpg 1852w\" sizes=\"auto, (max-width: 1775px) 100vw, 1775px\" \/><\/figure><div class=\"wp-block-media-text__content\">\n<p><strong>Radio-Canada ICI Estrie <\/strong><br\/>\n  <em>1 de agosto de 2024<\/em>\n<\/p>\n\n\n\n<p class=\"has-text-align-left has-medium-font-size\"><strong>Acoso laboral\u202f: organizaciones denuncian una gesti\u00f3n deshumanizada por parte de la CNESST<\/strong><\/p>\n\n\n\n<div class=\"wp-block-buttons is-layout-flex wp-block-buttons-is-layout-flex\">\n<div class=\"wp-block-button\"><a class=\"wp-block-button__link wp-element-button\" href=\"https:\/\/ici.radio-canada.ca\/nouvelle\/2093213\/cnesst-travailleurs-denonciation-\" target=\"_blank\" rel=\"noreferrer noopener\">LEER EL ART\u00cdCULO<\/a><\/div>\n<\/div>\n<\/div><\/div>\n\n\n\n<hr class=\"wp-block-separator has-alpha-channel-opacity\"\/>\n<\/div>\n\n\n\n<div class=\"wp-block-group is-layout-constrained wp-block-group-is-layout-constrained\">\n<div class=\"wp-block-media-text is-stacked-on-mobile\" style=\"grid-template-columns:35% auto\"><figure class=\"wp-block-media-text__media\"><img loading=\"lazy\" decoding=\"async\" width=\"1420\" height=\"1664\" src=\"https:\/\/www.illusionemploi.org\/wp-content\/uploads\/2024\/09\/2024-06-27-latribune-1-1420x1664.jpg\" alt=\"\" class=\"wp-image-922 size-full\" srcset=\"https:\/\/www.illusionemploi.org\/wp-content\/uploads\/2024\/09\/2024-06-27-latribune-1-1420x1664.jpg 1420w, https:\/\/www.illusionemploi.org\/wp-content\/uploads\/2024\/09\/2024-06-27-latribune-1-727x852.jpg 727w, https:\/\/www.illusionemploi.org\/wp-content\/uploads\/2024\/09\/2024-06-27-latribune-1-364x426.jpg 364w, https:\/\/www.illusionemploi.org\/wp-content\/uploads\/2024\/09\/2024-06-27-latribune-1-768x900.jpg 768w, https:\/\/www.illusionemploi.org\/wp-content\/uploads\/2024\/09\/2024-06-27-latribune-1-1311x1536.jpg 1311w, https:\/\/www.illusionemploi.org\/wp-content\/uploads\/2024\/09\/2024-06-27-latribune-1.jpg 1632w\" sizes=\"auto, (max-width: 1420px) 100vw, 1420px\" \/><\/figure><div class=\"wp-block-media-text__content\">\n<p><strong>La Tribune &#8211; <\/strong><br\/>\n  <em>27 de junio de 2024<\/em>\n<\/p>\n\n\n\n<p class=\"has-text-align-left has-medium-font-size\"><strong>Illusion lamenta la dificultad de acceder a las oficinas de la CNESST en Estrie<\/strong><\/p>\n\n\n\n<div class=\"wp-block-buttons is-layout-flex wp-block-buttons-is-layout-flex\">\n<div class=\"wp-block-button\"><a class=\"wp-block-button__link wp-element-button\" href=\"https:\/\/www.latribune.ca\/actualites\/actualites-locales\/sherbrooke\/2024\/06\/27\/illusion-emploi-deplore-la-difficulte-pour-acceder-aux-bureaux-de-la-cnesst-en-estrie-52DAYUNKA5HC3D2RGHB7YRA5MU\/\" target=\"_blank\" rel=\"noreferrer noopener\">LEER EL ART\u00cdCULO<\/a><\/div>\n<\/div>\n<\/div><\/div>\n\n\n\n<hr class=\"wp-block-separator has-alpha-channel-opacity\"\/>\n<\/div>\n\n\n\n<div class=\"wp-block-group is-layout-constrained wp-block-group-is-layout-constrained\">\n<div class=\"wp-block-media-text is-stacked-on-mobile\" style=\"grid-template-columns:35% auto\"><figure class=\"wp-block-media-text__media\"><img loading=\"lazy\" decoding=\"async\" width=\"1610\" height=\"1664\" src=\"https:\/\/www.illusionemploi.org\/wp-content\/uploads\/2024\/10\/2024-05-01-latribune-1610x1664.jpg\" alt=\"\" class=\"wp-image-1666 size-full\" srcset=\"https:\/\/www.illusionemploi.org\/wp-content\/uploads\/2024\/10\/2024-05-01-latribune-1610x1664.jpg 1610w, https:\/\/www.illusionemploi.org\/wp-content\/uploads\/2024\/10\/2024-05-01-latribune-824x852.jpg 824w, https:\/\/www.illusionemploi.org\/wp-content\/uploads\/2024\/10\/2024-05-01-latribune-412x426.jpg 412w, https:\/\/www.illusionemploi.org\/wp-content\/uploads\/2024\/10\/2024-05-01-latribune-768x794.jpg 768w, https:\/\/www.illusionemploi.org\/wp-content\/uploads\/2024\/10\/2024-05-01-latribune-1486x1536.jpg 1486w, https:\/\/www.illusionemploi.org\/wp-content\/uploads\/2024\/10\/2024-05-01-latribune-1981x2048.jpg 1981w\" sizes=\"auto, (max-width: 1610px) 100vw, 1610px\" \/><\/figure><div class=\"wp-block-media-text__content\">\n<p><strong>La Tribune &#8211; <\/strong><br\/>\n  <em>1 de mayo de 2024<\/em>\n<\/p>\n\n\n\n<p class=\"has-text-align-left has-medium-font-size\"><strong>Los trabajadores de Estrie reclaman un salario digno<\/strong><\/p>\n\n\n\n<div class=\"wp-block-buttons is-layout-flex wp-block-buttons-is-layout-flex\">\n<div class=\"wp-block-button popup\"><a class=\"wp-block-button__link wp-element-button\" href=\"https:\/\/www.illusionemploi.org\/wp-content\/uploads\/2024\/10\/2024-05-01-latribune-final-1.jpg\">LEER EL ART\u00cdCULO<\/a><\/div>\n<\/div>\n<\/div><\/div>\n\n\n\n<hr class=\"wp-block-separator has-alpha-channel-opacity\"\/>\n<\/div>\n\n\n\n<div class=\"wp-block-group is-layout-constrained wp-block-group-is-layout-constrained\">\n<div class=\"wp-block-media-text is-stacked-on-mobile\" style=\"grid-template-columns:35% auto\"><figure class=\"wp-block-media-text__media\"><img loading=\"lazy\" decoding=\"async\" width=\"1549\" height=\"1664\" src=\"https:\/\/www.illusionemploi.org\/wp-content\/uploads\/2024\/09\/2024-01-31-latribune-1549x1664.jpg\" alt=\"\" class=\"wp-image-921 size-full\" srcset=\"https:\/\/www.illusionemploi.org\/wp-content\/uploads\/2024\/09\/2024-01-31-latribune-1549x1664.jpg 1549w, https:\/\/www.illusionemploi.org\/wp-content\/uploads\/2024\/09\/2024-01-31-latribune-793x852.jpg 793w, https:\/\/www.illusionemploi.org\/wp-content\/uploads\/2024\/09\/2024-01-31-latribune-397x426.jpg 397w, https:\/\/www.illusionemploi.org\/wp-content\/uploads\/2024\/09\/2024-01-31-latribune-768x825.jpg 768w, https:\/\/www.illusionemploi.org\/wp-content\/uploads\/2024\/09\/2024-01-31-latribune-1430x1536.jpg 1430w, https:\/\/www.illusionemploi.org\/wp-content\/uploads\/2024\/09\/2024-01-31-latribune.jpg 1688w\" sizes=\"auto, (max-width: 1549px) 100vw, 1549px\" \/><\/figure><div class=\"wp-block-media-text__content\">\n<p><strong>La Tribune <\/strong><br\/>\n  <em>31 de enero de 2024<\/em>\n<\/p>\n\n\n\n<p class=\"has-text-align-left has-medium-font-size\"><strong>Un nuevo salario m\u00ednimo ampliamente insuficiente<\/strong><\/p>\n\n\n\n<div class=\"wp-block-buttons is-layout-flex wp-block-buttons-is-layout-flex\">\n<div class=\"wp-block-button\"><a class=\"wp-block-button__link wp-element-button\" href=\"https:\/\/www.latribune.ca\/opinions\/point-de-vue\/2024\/01\/31\/un-nouveau-salaire-minimum-largement-insuffisant-BP7INNBPWNC3TIBQRH2CHPLNJU\/\" target=\"_blank\" rel=\"noreferrer noopener\">LEER EL ART\u00cdCULO<\/a><\/div>\n<\/div>\n<\/div><\/div>\n\n\n\n<hr class=\"wp-block-separator has-alpha-channel-opacity\"\/>\n<\/div>\n\n\n\n<div class=\"wp-block-group is-layout-constrained wp-block-group-is-layout-constrained\">\n<div class=\"wp-block-media-text is-stacked-on-mobile\" style=\"grid-template-columns:35% auto\"><figure class=\"wp-block-media-text__media\"><img loading=\"lazy\" decoding=\"async\" width=\"1548\" height=\"1664\" src=\"https:\/\/www.illusionemploi.org\/wp-content\/uploads\/2024\/10\/2023-12-22-radio-canada-final-1548x1664.jpg\" alt=\"\" class=\"wp-image-1698 size-full\" srcset=\"https:\/\/www.illusionemploi.org\/wp-content\/uploads\/2024\/10\/2023-12-22-radio-canada-final-1548x1664.jpg 1548w, https:\/\/www.illusionemploi.org\/wp-content\/uploads\/2024\/10\/2023-12-22-radio-canada-final-792x852.jpg 792w, https:\/\/www.illusionemploi.org\/wp-content\/uploads\/2024\/10\/2023-12-22-radio-canada-final-396x426.jpg 396w, https:\/\/www.illusionemploi.org\/wp-content\/uploads\/2024\/10\/2023-12-22-radio-canada-final-768x826.jpg 768w, https:\/\/www.illusionemploi.org\/wp-content\/uploads\/2024\/10\/2023-12-22-radio-canada-final-1429x1536.jpg 1429w, https:\/\/www.illusionemploi.org\/wp-content\/uploads\/2024\/10\/2023-12-22-radio-canada-final.jpg 1731w\" sizes=\"auto, (max-width: 1548px) 100vw, 1548px\" \/><\/figure><div class=\"wp-block-media-text__content\">\n<p><strong>Radio-Canada ICI Estrie <\/strong><br\/>\n  <em>22 de diciembre de 2023<\/em>\n<\/p>\n\n\n\n<p class=\"has-text-align-left has-medium-font-size\"><strong>Reci\u00e9n llegados, numerosos trabajadores extranjeros pierden su empleo<\/strong><\/p>\n\n\n\n<div class=\"wp-block-buttons is-layout-flex wp-block-buttons-is-layout-flex\">\n<div class=\"wp-block-button\"><a class=\"wp-block-button__link wp-element-button\" href=\"https:\/\/ici.radio-canada.ca\/nouvelle\/2037158\/travailleurs-etrangers-estrie-recrutement\" target=\"_blank\" rel=\"noreferrer noopener\">LEER EL ART\u00cdCULO<\/a><\/div>\n<\/div>\n<\/div><\/div>\n\n\n\n<hr class=\"wp-block-separator has-alpha-channel-opacity\"\/>\n<\/div>\n\n\n\n<div class=\"wp-block-group is-layout-constrained wp-block-group-is-layout-constrained\">\n<div class=\"wp-block-media-text is-stacked-on-mobile\" style=\"grid-template-columns:35% auto\"><figure class=\"wp-block-media-text__media\"><img loading=\"lazy\" decoding=\"async\" width=\"1621\" height=\"1664\" src=\"https:\/\/www.illusionemploi.org\/wp-content\/uploads\/2024\/10\/2023-10-02-Radio-canada-final-1621x1664.jpg\" alt=\"\" class=\"wp-image-1705 size-full\" srcset=\"https:\/\/www.illusionemploi.org\/wp-content\/uploads\/2024\/10\/2023-10-02-Radio-canada-final-1621x1664.jpg 1621w, https:\/\/www.illusionemploi.org\/wp-content\/uploads\/2024\/10\/2023-10-02-Radio-canada-final-830x852.jpg 830w, https:\/\/www.illusionemploi.org\/wp-content\/uploads\/2024\/10\/2023-10-02-Radio-canada-final-415x426.jpg 415w, https:\/\/www.illusionemploi.org\/wp-content\/uploads\/2024\/10\/2023-10-02-Radio-canada-final-768x788.jpg 768w, https:\/\/www.illusionemploi.org\/wp-content\/uploads\/2024\/10\/2023-10-02-Radio-canada-final-1496x1536.jpg 1496w, https:\/\/www.illusionemploi.org\/wp-content\/uploads\/2024\/10\/2023-10-02-Radio-canada-final.jpg 1689w\" sizes=\"auto, (max-width: 1621px) 100vw, 1621px\" \/><\/figure><div class=\"wp-block-media-text__content\">\n<p><strong>Radio-Canada ICI Estrie <\/strong><br\/>\n  <em>2 de octubre de 2023<\/em>\n<\/p>\n\n\n\n<p class=\"has-text-align-left has-medium-font-size\"><strong>Trabajadores extranjeros: la CNESST emite 76 actas de infracci\u00f3n a BRP<\/strong><\/p>\n\n\n\n<div class=\"wp-block-buttons is-layout-flex wp-block-buttons-is-layout-flex\">\n<div class=\"wp-block-button\"><a class=\"wp-block-button__link wp-element-button\" href=\"https:\/\/ici.radio-canada.ca\/nouvelle\/2014528\/brp-constats-infraction-cnesst\" target=\"_blank\" rel=\"noreferrer noopener\">LEER EL ART\u00cdCULO<\/a><\/div>\n<\/div>\n<\/div><\/div>\n\n\n\n<hr class=\"wp-block-separator has-alpha-channel-opacity\"\/>\n<\/div>\n\n\n\n<div class=\"wp-block-group is-layout-constrained wp-block-group-is-layout-constrained\">\n<div class=\"wp-block-media-text is-stacked-on-mobile\" style=\"grid-template-columns:35% auto\"><figure class=\"wp-block-media-text__media\"><img loading=\"lazy\" decoding=\"async\" width=\"1455\" height=\"1664\" src=\"https:\/\/www.illusionemploi.org\/wp-content\/uploads\/2024\/10\/2023-05-09-latribune-1455x1664.jpg\" alt=\"\" class=\"wp-image-1703 size-full\" srcset=\"https:\/\/www.illusionemploi.org\/wp-content\/uploads\/2024\/10\/2023-05-09-latribune-1455x1664.jpg 1455w, https:\/\/www.illusionemploi.org\/wp-content\/uploads\/2024\/10\/2023-05-09-latribune-745x852.jpg 745w, https:\/\/www.illusionemploi.org\/wp-content\/uploads\/2024\/10\/2023-05-09-latribune-373x426.jpg 373w, https:\/\/www.illusionemploi.org\/wp-content\/uploads\/2024\/10\/2023-05-09-latribune-768x878.jpg 768w, https:\/\/www.illusionemploi.org\/wp-content\/uploads\/2024\/10\/2023-05-09-latribune-1343x1536.jpg 1343w, https:\/\/www.illusionemploi.org\/wp-content\/uploads\/2024\/10\/2023-05-09-latribune-1791x2048.jpg 1791w, https:\/\/www.illusionemploi.org\/wp-content\/uploads\/2024\/10\/2023-05-09-latribune.jpg 1959w\" sizes=\"auto, (max-width: 1455px) 100vw, 1455px\" \/><\/figure><div class=\"wp-block-media-text__content\">\n<p><strong>La Tribune <\/strong><br\/>\n  <em>9 de mayo de 2023<\/em>\n<\/p>\n\n\n\n<p class=\"has-text-align-left has-medium-font-size\"><strong>Solidarit\u00e9 populaire Estrie (Solidaridad Popular de Estrie) denuncia las condiciones laborales de los migrantes<\/strong><\/p>\n\n\n\n<div class=\"wp-block-buttons is-layout-flex wp-block-buttons-is-layout-flex\">\n<div class=\"wp-block-button\"><a class=\"wp-block-button__link wp-element-button\" href=\"https:\/\/www.latribune.ca\/actualites\/actualites-locales\/estrie-et-regions\/2023\/05\/09\/solidarite-populaire-estrie-denonce-les-conditions-de-travail-des-migrants-BXGPEPHJ7VHCPB6SSERIXQJPKA\/\" target=\"_blank\" rel=\"noreferrer noopener\">LEER EL ART\u00cdCULO<\/a><\/div>\n<\/div>\n<\/div><\/div>\n\n\n\n<hr class=\"wp-block-separator has-alpha-channel-opacity\"\/>\n<\/div>\n<\/div>\n","protected":false},"excerpt":{"rendered":"<p>Nos mencionan en los peri\u00f3dicos.Aqu\u00ed est\u00e1n nuestros art\u00edculos m\u00e1s recientes: La Tribune 1 de febrero de 2025 Un salario m\u00ednimo de $16,10: un aumento desconectado de la realidad Radio-Canada ICI Estrie 8 de agosto de 2024 Un sindicato teme un \u201cagotamiento generalizado\u201d en la CNESST Radio-Canada ICI Estrie 1 de agosto de 2024 Acoso laboral\u202f:<\/p>\n","protected":false},"author":3454,"featured_media":0,"parent":0,"menu_order":0,"comment_status":"closed","ping_status":"closed","template":"pages-templates\/page_standard_sans_marge_footer.php","meta":{"footnotes":""},"class_list":["post-2594","page","type-page","status-publish","hentry"],"yoast_head":"<!-- This site is optimized with the Yoast SEO plugin v27.4 - https:\/\/yoast.com\/product\/yoast-seo-wordpress\/ -->\n<title>Rese\u00f1a de prensa - Illusion Emploi<\/title>\n<meta name=\"robots\" content=\"index, follow, max-snippet:-1, max-image-preview:large, max-video-preview:-1\" \/>\n<link rel=\"canonical\" href=\"https:\/\/www.illusionemploi.org\/es\/resena-de-prensa\/\" \/>\n<meta property=\"og:locale\" content=\"es_ES\" \/>\n<meta property=\"og:type\" content=\"article\" \/>\n<meta property=\"og:title\" content=\"Rese\u00f1a de prensa - Illusion Emploi\" \/>\n<meta property=\"og:description\" content=\"Nos mencionan en los peri\u00f3dicos.Aqu\u00ed est\u00e1n nuestros art\u00edculos m\u00e1s recientes: La Tribune 1 de febrero de 2025 Un salario m\u00ednimo de $16,10: un aumento desconectado de la realidad Radio-Canada ICI Estrie 8 de agosto de 2024 Un sindicato teme un \u201cagotamiento generalizado\u201d en la CNESST Radio-Canada ICI Estrie 1 de agosto de 2024 Acoso laboral\u202f:\" \/>\n<meta property=\"og:url\" content=\"https:\/\/www.illusionemploi.org\/es\/resena-de-prensa\/\" \/>\n<meta property=\"og:site_name\" content=\"Illusion Emploi\" \/>\n<meta property=\"article:publisher\" content=\"https:\/\/www.facebook.com\/profile.php?id=100068272669446\" \/>\n<meta property=\"article:modified_time\" content=\"2025-10-07T19:30:31+00:00\" \/>\n<meta property=\"og:image\" content=\"https:\/\/www.illusionemploi.org\/wp-content\/uploads\/2024\/09\/journal-scaled.jpg\" \/>\n\t<meta property=\"og:image:width\" content=\"2560\" \/>\n\t<meta property=\"og:image:height\" content=\"1708\" \/>\n\t<meta property=\"og:image:type\" content=\"image\/jpeg\" \/>\n<meta name=\"twitter:card\" content=\"summary_large_image\" \/>\n<script type=\"application\/ld+json\" class=\"yoast-schema-graph\">{\"@context\":\"https:\\\/\\\/schema.org\",\"@graph\":[{\"@type\":\"WebPage\",\"@id\":\"https:\\\/\\\/www.illusionemploi.org\\\/es\\\/resena-de-prensa\\\/\",\"url\":\"https:\\\/\\\/www.illusionemploi.org\\\/es\\\/resena-de-prensa\\\/\",\"name\":\"Rese\u00f1a de prensa - Illusion Emploi\",\"isPartOf\":{\"@id\":\"https:\\\/\\\/www.illusionemploi.org\\\/es\\\/#website\"},\"primaryImageOfPage\":{\"@id\":\"https:\\\/\\\/www.illusionemploi.org\\\/es\\\/resena-de-prensa\\\/#primaryimage\"},\"image\":{\"@id\":\"https:\\\/\\\/www.illusionemploi.org\\\/es\\\/resena-de-prensa\\\/#primaryimage\"},\"thumbnailUrl\":\"https:\\\/\\\/www.illusionemploi.org\\\/wp-content\\\/uploads\\\/2024\\\/09\\\/journal-scaled.jpg\",\"datePublished\":\"2024-09-25T18:19:38+00:00\",\"dateModified\":\"2025-10-07T19:30:31+00:00\",\"breadcrumb\":{\"@id\":\"https:\\\/\\\/www.illusionemploi.org\\\/es\\\/resena-de-prensa\\\/#breadcrumb\"},\"inLanguage\":\"es\",\"potentialAction\":[{\"@type\":\"ReadAction\",\"target\":[\"https:\\\/\\\/www.illusionemploi.org\\\/es\\\/resena-de-prensa\\\/\"]}]},{\"@type\":\"ImageObject\",\"inLanguage\":\"es\",\"@id\":\"https:\\\/\\\/www.illusionemploi.org\\\/es\\\/resena-de-prensa\\\/#primaryimage\",\"url\":\"https:\\\/\\\/www.illusionemploi.org\\\/wp-content\\\/uploads\\\/2024\\\/09\\\/journal-scaled.jpg\",\"contentUrl\":\"https:\\\/\\\/www.illusionemploi.org\\\/wp-content\\\/uploads\\\/2024\\\/09\\\/journal-scaled.jpg\"},{\"@type\":\"BreadcrumbList\",\"@id\":\"https:\\\/\\\/www.illusionemploi.org\\\/es\\\/resena-de-prensa\\\/#breadcrumb\",\"itemListElement\":[{\"@type\":\"ListItem\",\"position\":1,\"name\":\"Home\",\"item\":\"https:\\\/\\\/www.illusionemploi.org\\\/es\\\/\"},{\"@type\":\"ListItem\",\"position\":2,\"name\":\"Rese\u00f1a de prensa\"}]},{\"@type\":\"WebSite\",\"@id\":\"https:\\\/\\\/www.illusionemploi.org\\\/es\\\/#website\",\"url\":\"https:\\\/\\\/www.illusionemploi.org\\\/es\\\/\",\"name\":\"Illusion Emploi\",\"description\":\"\",\"publisher\":{\"@id\":\"https:\\\/\\\/www.illusionemploi.org\\\/es\\\/#organization\"},\"potentialAction\":[{\"@type\":\"SearchAction\",\"target\":{\"@type\":\"EntryPoint\",\"urlTemplate\":\"https:\\\/\\\/www.illusionemploi.org\\\/es\\\/?s={search_term_string}\"},\"query-input\":{\"@type\":\"PropertyValueSpecification\",\"valueRequired\":true,\"valueName\":\"search_term_string\"}}],\"inLanguage\":\"es\"},{\"@type\":\"Organization\",\"@id\":\"https:\\\/\\\/www.illusionemploi.org\\\/es\\\/#organization\",\"name\":\"Illusion Emploi\",\"url\":\"https:\\\/\\\/www.illusionemploi.org\\\/es\\\/\",\"logo\":{\"@type\":\"ImageObject\",\"inLanguage\":\"es\",\"@id\":\"https:\\\/\\\/www.illusionemploi.org\\\/es\\\/#\\\/schema\\\/logo\\\/image\\\/\",\"url\":\"https:\\\/\\\/www.illusionemploi.org\\\/wp-content\\\/uploads\\\/2025\\\/01\\\/logo-dans-carre.png\",\"contentUrl\":\"https:\\\/\\\/www.illusionemploi.org\\\/wp-content\\\/uploads\\\/2025\\\/01\\\/logo-dans-carre.png\",\"width\":1000,\"height\":1000,\"caption\":\"Illusion Emploi\"},\"image\":{\"@id\":\"https:\\\/\\\/www.illusionemploi.org\\\/es\\\/#\\\/schema\\\/logo\\\/image\\\/\"},\"sameAs\":[\"https:\\\/\\\/www.facebook.com\\\/profile.php?id=100068272669446\"]}]}<\/script>\n<!-- \/ Yoast SEO plugin. -->","yoast_head_json":{"title":"Rese\u00f1a de prensa - Illusion Emploi","robots":{"index":"index","follow":"follow","max-snippet":"max-snippet:-1","max-image-preview":"max-image-preview:large","max-video-preview":"max-video-preview:-1"},"canonical":"https:\/\/www.illusionemploi.org\/es\/resena-de-prensa\/","og_locale":"es_ES","og_type":"article","og_title":"Rese\u00f1a de prensa - Illusion Emploi","og_description":"Nos mencionan en los peri\u00f3dicos.Aqu\u00ed est\u00e1n nuestros art\u00edculos m\u00e1s recientes: La Tribune 1 de febrero de 2025 Un salario m\u00ednimo de $16,10: un aumento desconectado de la realidad Radio-Canada ICI Estrie 8 de agosto de 2024 Un sindicato teme un \u201cagotamiento generalizado\u201d en la CNESST Radio-Canada ICI Estrie 1 de agosto de 2024 Acoso laboral\u202f:","og_url":"https:\/\/www.illusionemploi.org\/es\/resena-de-prensa\/","og_site_name":"Illusion Emploi","article_publisher":"https:\/\/www.facebook.com\/profile.php?id=100068272669446","article_modified_time":"2025-10-07T19:30:31+00:00","og_image":[{"width":2560,"height":1708,"url":"https:\/\/www.illusionemploi.org\/wp-content\/uploads\/2024\/09\/journal-scaled.jpg","type":"image\/jpeg"}],"twitter_card":"summary_large_image","schema":{"@context":"https:\/\/schema.org","@graph":[{"@type":"WebPage","@id":"https:\/\/www.illusionemploi.org\/es\/resena-de-prensa\/","url":"https:\/\/www.illusionemploi.org\/es\/resena-de-prensa\/","name":"Rese\u00f1a de prensa - Illusion Emploi","isPartOf":{"@id":"https:\/\/www.illusionemploi.org\/es\/#website"},"primaryImageOfPage":{"@id":"https:\/\/www.illusionemploi.org\/es\/resena-de-prensa\/#primaryimage"},"image":{"@id":"https:\/\/www.illusionemploi.org\/es\/resena-de-prensa\/#primaryimage"},"thumbnailUrl":"https:\/\/www.illusionemploi.org\/wp-content\/uploads\/2024\/09\/journal-scaled.jpg","datePublished":"2024-09-25T18:19:38+00:00","dateModified":"2025-10-07T19:30:31+00:00","breadcrumb":{"@id":"https:\/\/www.illusionemploi.org\/es\/resena-de-prensa\/#breadcrumb"},"inLanguage":"es","potentialAction":[{"@type":"ReadAction","target":["https:\/\/www.illusionemploi.org\/es\/resena-de-prensa\/"]}]},{"@type":"ImageObject","inLanguage":"es","@id":"https:\/\/www.illusionemploi.org\/es\/resena-de-prensa\/#primaryimage","url":"https:\/\/www.illusionemploi.org\/wp-content\/uploads\/2024\/09\/journal-scaled.jpg","contentUrl":"https:\/\/www.illusionemploi.org\/wp-content\/uploads\/2024\/09\/journal-scaled.jpg"},{"@type":"BreadcrumbList","@id":"https:\/\/www.illusionemploi.org\/es\/resena-de-prensa\/#breadcrumb","itemListElement":[{"@type":"ListItem","position":1,"name":"Home","item":"https:\/\/www.illusionemploi.org\/es\/"},{"@type":"ListItem","position":2,"name":"Rese\u00f1a de prensa"}]},{"@type":"WebSite","@id":"https:\/\/www.illusionemploi.org\/es\/#website","url":"https:\/\/www.illusionemploi.org\/es\/","name":"Illusion Emploi","description":"","publisher":{"@id":"https:\/\/www.illusionemploi.org\/es\/#organization"},"potentialAction":[{"@type":"SearchAction","target":{"@type":"EntryPoint","urlTemplate":"https:\/\/www.illusionemploi.org\/es\/?s={search_term_string}"},"query-input":{"@type":"PropertyValueSpecification","valueRequired":true,"valueName":"search_term_string"}}],"inLanguage":"es"},{"@type":"Organization","@id":"https:\/\/www.illusionemploi.org\/es\/#organization","name":"Illusion Emploi","url":"https:\/\/www.illusionemploi.org\/es\/","logo":{"@type":"ImageObject","inLanguage":"es","@id":"https:\/\/www.illusionemploi.org\/es\/#\/schema\/logo\/image\/","url":"https:\/\/www.illusionemploi.org\/wp-content\/uploads\/2025\/01\/logo-dans-carre.png","contentUrl":"https:\/\/www.illusionemploi.org\/wp-content\/uploads\/2025\/01\/logo-dans-carre.png","width":1000,"height":1000,"caption":"Illusion Emploi"},"image":{"@id":"https:\/\/www.illusionemploi.org\/es\/#\/schema\/logo\/image\/"},"sameAs":["https:\/\/www.facebook.com\/profile.php?id=100068272669446"]}]}},"_links":{"self":[{"href":"https:\/\/www.illusionemploi.org\/es\/wp-json\/wp\/v2\/pages\/2594","targetHints":{"allow":["GET"]}}],"collection":[{"href":"https:\/\/www.illusionemploi.org\/es\/wp-json\/wp\/v2\/pages"}],"about":[{"href":"https:\/\/www.illusionemploi.org\/es\/wp-json\/wp\/v2\/types\/page"}],"author":[{"embeddable":true,"href":"https:\/\/www.illusionemploi.org\/es\/wp-json\/wp\/v2\/users\/3454"}],"replies":[{"embeddable":true,"href":"https:\/\/www.illusionemploi.org\/es\/wp-json\/wp\/v2\/comments?post=2594"}],"version-history":[{"count":1,"href":"https:\/\/www.illusionemploi.org\/es\/wp-json\/wp\/v2\/pages\/2594\/revisions"}],"predecessor-version":[{"id":2598,"href":"https:\/\/www.illusionemploi.org\/es\/wp-json\/wp\/v2\/pages\/2594\/revisions\/2598"}],"wp:attachment":[{"href":"https:\/\/www.illusionemploi.org\/es\/wp-json\/wp\/v2\/media?parent=2594"}],"curies":[{"name":"wp","href":"https:\/\/api.w.org\/{rel}","templated":true}]}}