{"id":2482,"date":"2024-09-23T09:55:34","date_gmt":"2024-09-23T13:55:34","guid":{"rendered":"https:\/\/www.illusionemploi.org\/formacion-y-talleres\/"},"modified":"2025-10-07T16:45:51","modified_gmt":"2025-10-07T20:45:51","slug":"formacion-y-talleres","status":"publish","type":"page","link":"https:\/\/www.illusionemploi.org\/es\/formacion-y-talleres\/","title":{"rendered":"Formaci\u00f3n y Talleres"},"content":{"rendered":"\n<div class=\"wp-block-group alignfull entete-photo-container has-blanc-background-color has-background is-layout-flow wp-block-group-is-layout-flow\">\n<div class=\"wp-block-cover entete-photo entete-photo--parallax\"><span aria-hidden=\"true\" class=\"wp-block-cover__background has-background-dim-0 has-background-dim\" style=\"background-color:#000000\"><\/span><img loading=\"lazy\" decoding=\"async\" width=\"2560\" height=\"1707\" class=\"wp-block-cover__image-background wp-image-837\" alt=\"\" src=\"https:\/\/www.illusionemploi.org\/wp-content\/uploads\/2024\/09\/travail-equipe-casse-tete-scaled.jpg\" data-object-fit=\"cover\" srcset=\"https:\/\/www.illusionemploi.org\/wp-content\/uploads\/2024\/09\/travail-equipe-casse-tete-scaled.jpg 2560w, https:\/\/www.illusionemploi.org\/wp-content\/uploads\/2024\/09\/travail-equipe-casse-tete-1278x852.jpg 1278w, https:\/\/www.illusionemploi.org\/wp-content\/uploads\/2024\/09\/travail-equipe-casse-tete-640x426.jpg 640w, https:\/\/www.illusionemploi.org\/wp-content\/uploads\/2024\/09\/travail-equipe-casse-tete-768x512.jpg 768w, https:\/\/www.illusionemploi.org\/wp-content\/uploads\/2024\/09\/travail-equipe-casse-tete-1536x1024.jpg 1536w, https:\/\/www.illusionemploi.org\/wp-content\/uploads\/2024\/09\/travail-equipe-casse-tete-2048x1365.jpg 2048w\" sizes=\"auto, (max-width: 2560px) 100vw, 2560px\" \/><div class=\"wp-block-cover__inner-container is-layout-flow wp-block-cover-is-layout-flow\">\n<div class=\"wp-block-group entete-photo__contenu is-layout-flow wp-block-group-is-layout-flow\">\n<h1 class=\"wp-block-heading\">Formaci\u00f3n y<br\/>\n  <strong class=\"texte-vert\">Talleres<\/strong>\n<\/h1>\n<\/div>\n<\/div><\/div>\n<\/div>\n\n<div class=\"wp-block-group introduction is-layout-constrained wp-block-group-is-layout-constrained\" style=\"padding-bottom:120px\">\n<div class=\"wp-block-group introduction-en-vedette inview-anim-zoom-in is-layout-constrained wp-block-group-is-layout-constrained\">\n<p class=\"has-text-align-center has-medium-font-size\" style=\"margin-bottom:0\">Todas nuestras actividades son gratuitas.<br\/>Nuestras formaciones y talleres son participativos y se basan<br\/>en un enfoque de educaci\u00f3n popular aut\u00f3noma.<\/p>\n\n\n\n<div class=\"wp-block-group graphique-vagues onscroll-move-right-left is-layout-constrained wp-block-group-is-layout-constrained\">\n<div class=\"wp-block-group graphique-vagues-img is-layout-constrained wp-block-group-is-layout-constrained\">\n<p><\/p>\n<\/div>\n<\/div>\n<\/div>\n\n\n\n<p>Ofrecemos formaciones y talleres personalizados en relaci\u00f3n con la Ley de normas laborales, dirigidos a nuestros miembros, a cualquier grupo de trabajadoras , trabajadores no sindicalizados en Estrie, a organizaciones comunitarias, instituciones educativas o de formaci\u00f3n. El objetivo es concienciar a las personas sobre los desaf\u00edos actuales del mercado laboral para brindarles mejores herramientas. Otro objetivo es reflexionar colectivamente sobre c\u00f3mo mejorar la protecci\u00f3n y las condiciones laborales de las trabajadoras y trabajadores no sindicalizados en Quebec. <\/p>\n\n\n\n<h4 class=\"wp-block-heading has-text-align-center\"><strong>\u00bfDeseas recibir una formaci\u00f3n o participar en un taller? <\/strong><\/h4>\n\n\n\n<div class=\"wp-block-buttons is-content-justification-center is-layout-flex wp-container-core-buttons-is-layout-16018d1d wp-block-buttons-is-layout-flex\">\n<div class=\"wp-block-button\"><a class=\"wp-block-button__link wp-element-button\" href=\"https:\/\/www.illusionemploi.org\/es\/contacto\/\">CONT\u00c1CTANOS <\/a><\/div>\n<\/div>\n\n\n\n<div style=\"height:32px\" aria-hidden=\"true\" class=\"wp-block-spacer\"><\/div>\n\n\n\n<div class=\"wp-block-group encadre-vedette is-layout-constrained wp-block-group-is-layout-constrained\">\n<p>Aqu\u00ed tienes algunos ejemplos de temas adaptados a nuestros diferentes formatos de actividades:<\/p>\n\n\n\n<div style=\"height:20px\" aria-hidden=\"true\" class=\"wp-block-spacer\"><\/div>\n\n\n\n<ul class=\"wp-block-list\">\n<li class=\"has-medium-font-size\"><strong>La Ley sobre las normas laborales y los recursos disponibles<\/strong><\/li>\n\n\n\n<li class=\"has-medium-font-size\"><strong>El acoso psicol\u00f3gico y sexual en el trabajo<\/strong><\/li>\n\n\n\n<li class=\"has-medium-font-size\"><strong>El teletrabajo<\/strong><\/li>\n\n\n\n<li class=\"has-medium-font-size\"><strong>Los cambios en el mundo laboral<\/strong><\/li>\n\n\n\n<li class=\"has-medium-font-size\"><strong>El derecho a la desconexi\u00f3n<\/strong><\/li>\n\n\n\n<li class=\"has-medium-font-size\"><strong>La pol\u00edtica sobre las condiciones laborales&#8230;<\/strong><\/li>\n<\/ul>\n<\/div>\n<\/div>\n\n<div class=\"wp-block-group alignfull inview-anim-custom has-gris-tres-pale-fond-degrade-background-color has-background is-layout-constrained wp-block-group-is-layout-constrained\" style=\"padding-top:120px;padding-bottom:120px\">\n<div class=\"wp-block-group container is-layout-constrained wp-block-group-is-layout-constrained\">\n<p class=\"has-text-align-center texte-majuscule letter-spacing-2px inview-anim-fade-in has-medium-font-size\" style=\"margin-bottom:var(--wp--preset--spacing--80)\">&#8211; LOS TIPOS DE ACTIVIDADES &#8211;<\/p>\n\n\n\n<div class=\"wp-block-group alignwide mb-50px mb-lg-100px inview-anim-fade-in is-layout-constrained wp-block-group-is-layout-constrained\">\n<div class=\"wp-block-columns align-items-center is-layout-flex wp-container-core-columns-is-layout-9d6595d7 wp-block-columns-is-layout-flex\">\n<div class=\"wp-block-column col-lg-4 p-0 mb-50px mb-lg-0 is-layout-flow wp-block-column-is-layout-flow\">\n<figure class=\"wp-block-image size-full img-w-500px aligne-gauche-hors-container coin-rond-top-right-bottom-right text-left\"><img loading=\"lazy\" decoding=\"async\" width=\"1100\" height=\"1150\" src=\"https:\/\/www.illusionemploi.org\/wp-content\/uploads\/2024\/09\/ateliers-illusion-emploi-1.jpg\" alt=\"\" class=\"wp-image-852\" style=\"object-fit:cover\" srcset=\"https:\/\/www.illusionemploi.org\/wp-content\/uploads\/2024\/09\/ateliers-illusion-emploi-1.jpg 1100w, https:\/\/www.illusionemploi.org\/wp-content\/uploads\/2024\/09\/ateliers-illusion-emploi-1-815x852.jpg 815w, https:\/\/www.illusionemploi.org\/wp-content\/uploads\/2024\/09\/ateliers-illusion-emploi-1-407x426.jpg 407w, https:\/\/www.illusionemploi.org\/wp-content\/uploads\/2024\/09\/ateliers-illusion-emploi-1-768x803.jpg 768w\" sizes=\"auto, (max-width: 1100px) 100vw, 1100px\" \/><\/figure>\n<\/div>\n\n\n\n<div class=\"wp-block-column col-lg-8 p-0 pl-lg-50px m-0 text-left is-layout-flow wp-block-column-is-layout-flow\">\n<h2 class=\"wp-block-heading text-left\" style=\"margin-top:0\">TALLERES<\/h2>\n\n\n\n<p>Nuestros talleres pueden adaptarse y personalizarse seg\u00fan las necesidades de cada grupo.\nPor lo general, nuestras din\u00e1micas comienzan con una breve introducci\u00f3n a la Ley de Normas del Trabajo (qu\u00e9 es y a qui\u00e9n aplica).\nLuego, abordamos el tema central de la actividad, ya sea el acoso laboral, nuestro juego de serpientes y escaleras, entre otros.\nNuestras din\u00e1micas son altamente interactivas.   <\/p>\n<\/div>\n<\/div>\n<\/div>\n\n\n\n<div class=\"wp-block-group alignwide mb-50px mb-lg-100px inview-anim-fade-in is-layout-constrained wp-block-group-is-layout-constrained\">\n<div class=\"wp-block-columns align-items-center is-layout-flex wp-container-core-columns-is-layout-9d6595d7 wp-block-columns-is-layout-flex\">\n<div class=\"wp-block-column col-lg-4 p-0 mb-50px mb-lg-0 is-layout-flow wp-block-column-is-layout-flow\">\n<figure class=\"wp-block-image size-full img-w-500px aligne-gauche-hors-container coin-rond-top-right-bottom-right text-left\"><img loading=\"lazy\" decoding=\"async\" width=\"1100\" height=\"1150\" src=\"https:\/\/www.illusionemploi.org\/wp-content\/uploads\/2024\/09\/webinaires.jpg\" alt=\"\" class=\"wp-image-1043\" style=\"object-fit:cover\" srcset=\"https:\/\/www.illusionemploi.org\/wp-content\/uploads\/2024\/09\/webinaires.jpg 1100w, https:\/\/www.illusionemploi.org\/wp-content\/uploads\/2024\/09\/webinaires-815x852.jpg 815w, https:\/\/www.illusionemploi.org\/wp-content\/uploads\/2024\/09\/webinaires-407x426.jpg 407w, https:\/\/www.illusionemploi.org\/wp-content\/uploads\/2024\/09\/webinaires-768x803.jpg 768w\" sizes=\"auto, (max-width: 1100px) 100vw, 1100px\" \/><\/figure>\n<\/div>\n\n\n\n<div class=\"wp-block-column col-lg-8 p-0 pl-lg-50px m-0 text-left is-layout-flow wp-block-column-is-layout-flow\">\n<h2 class=\"wp-block-heading text-left\" style=\"margin-top:0\">WEBINARS<\/h2>\n\n\n\n<p>El t\u00e9rmino \u00abwebinar\u00bb combina las palabras \u00abweb\u00bb y \u00abseminario\u00bb. Se trata de presentaciones en l\u00ednea dise\u00f1adas para ser interactivas. Nuestros webinars se llevan a cabo en la plataforma Teams y tienen una duraci\u00f3n breve: m\u00e1ximo una hora. Todas nuestras formaciones en l\u00ednea incluyen material de apoyo visual, como presentaciones en PowerPoint y v\u00eddeos cortos (cuando estos facilitan la comprensi\u00f3n del tema tratado).   <\/p>\n<\/div>\n<\/div>\n<\/div>\n\n\n\n<div class=\"wp-block-group alignwide mb-50px mb-lg-100px inview-anim-fade-in is-layout-constrained wp-block-group-is-layout-constrained\">\n<div class=\"wp-block-columns align-items-center is-layout-flex wp-container-core-columns-is-layout-9d6595d7 wp-block-columns-is-layout-flex\">\n<div class=\"wp-block-column col-lg-4 p-0 mb-50px mb-lg-0 is-layout-flow wp-block-column-is-layout-flow\">\n<figure class=\"wp-block-image size-full img-w-500px aligne-gauche-hors-container coin-rond-top-right-bottom-right text-left\"><img loading=\"lazy\" decoding=\"async\" width=\"1100\" height=\"1150\" src=\"https:\/\/www.illusionemploi.org\/wp-content\/uploads\/2024\/10\/cercles2.jpg\" alt=\"\" class=\"wp-image-1743\" style=\"object-fit:cover\" srcset=\"https:\/\/www.illusionemploi.org\/wp-content\/uploads\/2024\/10\/cercles2.jpg 1100w, https:\/\/www.illusionemploi.org\/wp-content\/uploads\/2024\/10\/cercles2-815x852.jpg 815w, https:\/\/www.illusionemploi.org\/wp-content\/uploads\/2024\/10\/cercles2-407x426.jpg 407w, https:\/\/www.illusionemploi.org\/wp-content\/uploads\/2024\/10\/cercles2-768x803.jpg 768w\" sizes=\"auto, (max-width: 1100px) 100vw, 1100px\" \/><\/figure>\n<\/div>\n\n\n\n<div class=\"wp-block-column col-lg-8 p-0 pl-lg-50px m-0 text-left is-layout-flow wp-block-column-is-layout-flow\">\n<h2 class=\"wp-block-heading text-left\" style=\"margin-top:0\">C\u00cdRCULOS DE INTERCAMBIO<\/h2>\n\n\n\n<p>La duraci\u00f3n de un c\u00edrculo de intercambio suele ser de dos horas, frecuentemente en formato 5 p.m a 7 p.m . Estos espacios permiten a las trabajadoras y trabajadores expresarse y compartir sus experiencias sobre un tema espec\u00edfico. El objetivo es reunir a personas que enfrentan situaciones similares para que, de manera colectiva, puedan encontrar posibles soluciones.  <\/p>\n<\/div>\n<\/div>\n<\/div>\n<\/div>\n<\/div>\n\n<p><\/p>\n","protected":false},"excerpt":{"rendered":"<p>Todas nuestras actividades son gratuitas.Nuestras formaciones y talleres son participativos y se basanen un enfoque de educaci\u00f3n popular aut\u00f3noma. Ofrecemos formaciones y talleres personalizados en relaci\u00f3n con la Ley de normas laborales, dirigidos a nuestros miembros, a cualquier grupo de trabajadoras , trabajadores no sindicalizados en Estrie, a organizaciones comunitarias, instituciones educativas o de formaci\u00f3n.<\/p>\n","protected":false},"author":3454,"featured_media":0,"parent":0,"menu_order":0,"comment_status":"closed","ping_status":"closed","template":"pages-templates\/page_standard_sans_marge_footer.php","meta":{"footnotes":""},"class_list":["post-2482","page","type-page","status-publish","hentry"],"yoast_head":"<!-- This site is optimized with the Yoast SEO plugin v27.4 - https:\/\/yoast.com\/product\/yoast-seo-wordpress\/ -->\n<title>Formaci\u00f3n y Talleres - Illusion Emploi<\/title>\n<meta name=\"robots\" content=\"index, follow, max-snippet:-1, max-image-preview:large, max-video-preview:-1\" \/>\n<link rel=\"canonical\" href=\"https:\/\/www.illusionemploi.org\/es\/formacion-y-talleres\/\" \/>\n<meta property=\"og:locale\" content=\"es_ES\" \/>\n<meta property=\"og:type\" content=\"article\" \/>\n<meta property=\"og:title\" content=\"Formaci\u00f3n y Talleres - Illusion Emploi\" \/>\n<meta property=\"og:description\" content=\"Todas nuestras actividades son gratuitas.Nuestras formaciones y talleres son participativos y se basanen un enfoque de educaci\u00f3n popular aut\u00f3noma. Ofrecemos formaciones y talleres personalizados en relaci\u00f3n con la Ley de normas laborales, dirigidos a nuestros miembros, a cualquier grupo de trabajadoras , trabajadores no sindicalizados en Estrie, a organizaciones comunitarias, instituciones educativas o de formaci\u00f3n.\" \/>\n<meta property=\"og:url\" content=\"https:\/\/www.illusionemploi.org\/es\/formacion-y-talleres\/\" \/>\n<meta property=\"og:site_name\" content=\"Illusion Emploi\" \/>\n<meta property=\"article:publisher\" content=\"https:\/\/www.facebook.com\/profile.php?id=100068272669446\" \/>\n<meta property=\"article:modified_time\" content=\"2025-10-07T20:45:51+00:00\" \/>\n<meta property=\"og:image\" content=\"https:\/\/www.illusionemploi.org\/wp-content\/uploads\/2024\/09\/travail-equipe-casse-tete-scaled.jpg\" \/>\n\t<meta property=\"og:image:width\" content=\"2560\" \/>\n\t<meta property=\"og:image:height\" content=\"1707\" \/>\n\t<meta property=\"og:image:type\" content=\"image\/jpeg\" \/>\n<meta name=\"twitter:card\" content=\"summary_large_image\" \/>\n<script type=\"application\/ld+json\" class=\"yoast-schema-graph\">{\"@context\":\"https:\\\/\\\/schema.org\",\"@graph\":[{\"@type\":\"WebPage\",\"@id\":\"https:\\\/\\\/www.illusionemploi.org\\\/es\\\/formacion-y-talleres\\\/\",\"url\":\"https:\\\/\\\/www.illusionemploi.org\\\/es\\\/formacion-y-talleres\\\/\",\"name\":\"Formaci\u00f3n y Talleres - Illusion Emploi\",\"isPartOf\":{\"@id\":\"https:\\\/\\\/www.illusionemploi.org\\\/es\\\/#website\"},\"primaryImageOfPage\":{\"@id\":\"https:\\\/\\\/www.illusionemploi.org\\\/es\\\/formacion-y-talleres\\\/#primaryimage\"},\"image\":{\"@id\":\"https:\\\/\\\/www.illusionemploi.org\\\/es\\\/formacion-y-talleres\\\/#primaryimage\"},\"thumbnailUrl\":\"https:\\\/\\\/www.illusionemploi.org\\\/wp-content\\\/uploads\\\/2024\\\/09\\\/travail-equipe-casse-tete-scaled.jpg\",\"datePublished\":\"2024-09-23T13:55:34+00:00\",\"dateModified\":\"2025-10-07T20:45:51+00:00\",\"breadcrumb\":{\"@id\":\"https:\\\/\\\/www.illusionemploi.org\\\/es\\\/formacion-y-talleres\\\/#breadcrumb\"},\"inLanguage\":\"es\",\"potentialAction\":[{\"@type\":\"ReadAction\",\"target\":[\"https:\\\/\\\/www.illusionemploi.org\\\/es\\\/formacion-y-talleres\\\/\"]}]},{\"@type\":\"ImageObject\",\"inLanguage\":\"es\",\"@id\":\"https:\\\/\\\/www.illusionemploi.org\\\/es\\\/formacion-y-talleres\\\/#primaryimage\",\"url\":\"https:\\\/\\\/www.illusionemploi.org\\\/wp-content\\\/uploads\\\/2024\\\/09\\\/travail-equipe-casse-tete-scaled.jpg\",\"contentUrl\":\"https:\\\/\\\/www.illusionemploi.org\\\/wp-content\\\/uploads\\\/2024\\\/09\\\/travail-equipe-casse-tete-scaled.jpg\"},{\"@type\":\"BreadcrumbList\",\"@id\":\"https:\\\/\\\/www.illusionemploi.org\\\/es\\\/formacion-y-talleres\\\/#breadcrumb\",\"itemListElement\":[{\"@type\":\"ListItem\",\"position\":1,\"name\":\"Home\",\"item\":\"https:\\\/\\\/www.illusionemploi.org\\\/es\\\/\"},{\"@type\":\"ListItem\",\"position\":2,\"name\":\"Formaci\u00f3n y Talleres\"}]},{\"@type\":\"WebSite\",\"@id\":\"https:\\\/\\\/www.illusionemploi.org\\\/es\\\/#website\",\"url\":\"https:\\\/\\\/www.illusionemploi.org\\\/es\\\/\",\"name\":\"Illusion Emploi\",\"description\":\"\",\"publisher\":{\"@id\":\"https:\\\/\\\/www.illusionemploi.org\\\/es\\\/#organization\"},\"potentialAction\":[{\"@type\":\"SearchAction\",\"target\":{\"@type\":\"EntryPoint\",\"urlTemplate\":\"https:\\\/\\\/www.illusionemploi.org\\\/es\\\/?s={search_term_string}\"},\"query-input\":{\"@type\":\"PropertyValueSpecification\",\"valueRequired\":true,\"valueName\":\"search_term_string\"}}],\"inLanguage\":\"es\"},{\"@type\":\"Organization\",\"@id\":\"https:\\\/\\\/www.illusionemploi.org\\\/es\\\/#organization\",\"name\":\"Illusion Emploi\",\"url\":\"https:\\\/\\\/www.illusionemploi.org\\\/es\\\/\",\"logo\":{\"@type\":\"ImageObject\",\"inLanguage\":\"es\",\"@id\":\"https:\\\/\\\/www.illusionemploi.org\\\/es\\\/#\\\/schema\\\/logo\\\/image\\\/\",\"url\":\"https:\\\/\\\/www.illusionemploi.org\\\/wp-content\\\/uploads\\\/2025\\\/01\\\/logo-dans-carre.png\",\"contentUrl\":\"https:\\\/\\\/www.illusionemploi.org\\\/wp-content\\\/uploads\\\/2025\\\/01\\\/logo-dans-carre.png\",\"width\":1000,\"height\":1000,\"caption\":\"Illusion Emploi\"},\"image\":{\"@id\":\"https:\\\/\\\/www.illusionemploi.org\\\/es\\\/#\\\/schema\\\/logo\\\/image\\\/\"},\"sameAs\":[\"https:\\\/\\\/www.facebook.com\\\/profile.php?id=100068272669446\"]}]}<\/script>\n<!-- \/ Yoast SEO plugin. -->","yoast_head_json":{"title":"Formaci\u00f3n y Talleres - Illusion Emploi","robots":{"index":"index","follow":"follow","max-snippet":"max-snippet:-1","max-image-preview":"max-image-preview:large","max-video-preview":"max-video-preview:-1"},"canonical":"https:\/\/www.illusionemploi.org\/es\/formacion-y-talleres\/","og_locale":"es_ES","og_type":"article","og_title":"Formaci\u00f3n y Talleres - Illusion Emploi","og_description":"Todas nuestras actividades son gratuitas.Nuestras formaciones y talleres son participativos y se basanen un enfoque de educaci\u00f3n popular aut\u00f3noma. Ofrecemos formaciones y talleres personalizados en relaci\u00f3n con la Ley de normas laborales, dirigidos a nuestros miembros, a cualquier grupo de trabajadoras , trabajadores no sindicalizados en Estrie, a organizaciones comunitarias, instituciones educativas o de formaci\u00f3n.","og_url":"https:\/\/www.illusionemploi.org\/es\/formacion-y-talleres\/","og_site_name":"Illusion Emploi","article_publisher":"https:\/\/www.facebook.com\/profile.php?id=100068272669446","article_modified_time":"2025-10-07T20:45:51+00:00","og_image":[{"width":2560,"height":1707,"url":"https:\/\/www.illusionemploi.org\/wp-content\/uploads\/2024\/09\/travail-equipe-casse-tete-scaled.jpg","type":"image\/jpeg"}],"twitter_card":"summary_large_image","schema":{"@context":"https:\/\/schema.org","@graph":[{"@type":"WebPage","@id":"https:\/\/www.illusionemploi.org\/es\/formacion-y-talleres\/","url":"https:\/\/www.illusionemploi.org\/es\/formacion-y-talleres\/","name":"Formaci\u00f3n y Talleres - Illusion Emploi","isPartOf":{"@id":"https:\/\/www.illusionemploi.org\/es\/#website"},"primaryImageOfPage":{"@id":"https:\/\/www.illusionemploi.org\/es\/formacion-y-talleres\/#primaryimage"},"image":{"@id":"https:\/\/www.illusionemploi.org\/es\/formacion-y-talleres\/#primaryimage"},"thumbnailUrl":"https:\/\/www.illusionemploi.org\/wp-content\/uploads\/2024\/09\/travail-equipe-casse-tete-scaled.jpg","datePublished":"2024-09-23T13:55:34+00:00","dateModified":"2025-10-07T20:45:51+00:00","breadcrumb":{"@id":"https:\/\/www.illusionemploi.org\/es\/formacion-y-talleres\/#breadcrumb"},"inLanguage":"es","potentialAction":[{"@type":"ReadAction","target":["https:\/\/www.illusionemploi.org\/es\/formacion-y-talleres\/"]}]},{"@type":"ImageObject","inLanguage":"es","@id":"https:\/\/www.illusionemploi.org\/es\/formacion-y-talleres\/#primaryimage","url":"https:\/\/www.illusionemploi.org\/wp-content\/uploads\/2024\/09\/travail-equipe-casse-tete-scaled.jpg","contentUrl":"https:\/\/www.illusionemploi.org\/wp-content\/uploads\/2024\/09\/travail-equipe-casse-tete-scaled.jpg"},{"@type":"BreadcrumbList","@id":"https:\/\/www.illusionemploi.org\/es\/formacion-y-talleres\/#breadcrumb","itemListElement":[{"@type":"ListItem","position":1,"name":"Home","item":"https:\/\/www.illusionemploi.org\/es\/"},{"@type":"ListItem","position":2,"name":"Formaci\u00f3n y Talleres"}]},{"@type":"WebSite","@id":"https:\/\/www.illusionemploi.org\/es\/#website","url":"https:\/\/www.illusionemploi.org\/es\/","name":"Illusion Emploi","description":"","publisher":{"@id":"https:\/\/www.illusionemploi.org\/es\/#organization"},"potentialAction":[{"@type":"SearchAction","target":{"@type":"EntryPoint","urlTemplate":"https:\/\/www.illusionemploi.org\/es\/?s={search_term_string}"},"query-input":{"@type":"PropertyValueSpecification","valueRequired":true,"valueName":"search_term_string"}}],"inLanguage":"es"},{"@type":"Organization","@id":"https:\/\/www.illusionemploi.org\/es\/#organization","name":"Illusion Emploi","url":"https:\/\/www.illusionemploi.org\/es\/","logo":{"@type":"ImageObject","inLanguage":"es","@id":"https:\/\/www.illusionemploi.org\/es\/#\/schema\/logo\/image\/","url":"https:\/\/www.illusionemploi.org\/wp-content\/uploads\/2025\/01\/logo-dans-carre.png","contentUrl":"https:\/\/www.illusionemploi.org\/wp-content\/uploads\/2025\/01\/logo-dans-carre.png","width":1000,"height":1000,"caption":"Illusion Emploi"},"image":{"@id":"https:\/\/www.illusionemploi.org\/es\/#\/schema\/logo\/image\/"},"sameAs":["https:\/\/www.facebook.com\/profile.php?id=100068272669446"]}]}},"_links":{"self":[{"href":"https:\/\/www.illusionemploi.org\/es\/wp-json\/wp\/v2\/pages\/2482","targetHints":{"allow":["GET"]}}],"collection":[{"href":"https:\/\/www.illusionemploi.org\/es\/wp-json\/wp\/v2\/pages"}],"about":[{"href":"https:\/\/www.illusionemploi.org\/es\/wp-json\/wp\/v2\/types\/page"}],"author":[{"embeddable":true,"href":"https:\/\/www.illusionemploi.org\/es\/wp-json\/wp\/v2\/users\/3454"}],"replies":[{"embeddable":true,"href":"https:\/\/www.illusionemploi.org\/es\/wp-json\/wp\/v2\/comments?post=2482"}],"version-history":[{"count":3,"href":"https:\/\/www.illusionemploi.org\/es\/wp-json\/wp\/v2\/pages\/2482\/revisions"}],"predecessor-version":[{"id":2638,"href":"https:\/\/www.illusionemploi.org\/es\/wp-json\/wp\/v2\/pages\/2482\/revisions\/2638"}],"wp:attachment":[{"href":"https:\/\/www.illusionemploi.org\/es\/wp-json\/wp\/v2\/media?parent=2482"}],"curies":[{"name":"wp","href":"https:\/\/api.w.org\/{rel}","templated":true}]}}