{"id":2473,"date":"2024-09-25T13:28:28","date_gmt":"2024-09-25T17:28:28","guid":{"rendered":"https:\/\/www.illusionemploi.org\/asesoria-y-acompanamiento\/"},"modified":"2025-10-07T16:40:16","modified_gmt":"2025-10-07T20:40:16","slug":"asesoria-y-acompanamiento","status":"publish","type":"page","link":"https:\/\/www.illusionemploi.org\/es\/asesoria-y-acompanamiento\/","title":{"rendered":"Asesor\u00eda y acompa\u00f1amiento"},"content":{"rendered":"\n<div class=\"wp-block-group alignfull entete-photo-container has-blanc-background-color has-background is-layout-flow wp-block-group-is-layout-flow\">\n<div class=\"wp-block-cover is-light entete-photo entete-photo--parallax\"><span aria-hidden=\"true\" class=\"wp-block-cover__background has-background-dim-0 has-background-dim\" style=\"background-color:#000000\"><\/span><img loading=\"lazy\" decoding=\"async\" width=\"2560\" height=\"1699\" class=\"wp-block-cover__image-background wp-image-892\" alt=\"\" src=\"https:\/\/www.illusionemploi.org\/wp-content\/uploads\/2024\/09\/accompagnement-scaled.jpg\" data-object-fit=\"cover\" srcset=\"https:\/\/www.illusionemploi.org\/wp-content\/uploads\/2024\/09\/accompagnement-scaled.jpg 2560w, https:\/\/www.illusionemploi.org\/wp-content\/uploads\/2024\/09\/accompagnement-1280x849.jpg 1280w, https:\/\/www.illusionemploi.org\/wp-content\/uploads\/2024\/09\/accompagnement-640x426.jpg 640w, https:\/\/www.illusionemploi.org\/wp-content\/uploads\/2024\/09\/accompagnement-768x510.jpg 768w, https:\/\/www.illusionemploi.org\/wp-content\/uploads\/2024\/09\/accompagnement-1536x1019.jpg 1536w, https:\/\/www.illusionemploi.org\/wp-content\/uploads\/2024\/09\/accompagnement-2048x1359.jpg 2048w\" sizes=\"auto, (max-width: 2560px) 100vw, 2560px\" \/><div class=\"wp-block-cover__inner-container is-layout-flow wp-block-cover-is-layout-flow\">\n<div class=\"wp-block-group entete-photo__contenu is-layout-flow wp-block-group-is-layout-flow\">\n<h1 class=\"wp-block-heading\">ASESOR\u00cdA Y <br\/>\n  <strong class=\"texte-vert\">ACOMPA\u00d1AMIENTO<\/strong>\n<\/h1>\n<\/div>\n<\/div><\/div>\n<\/div>\n\n<div class=\"wp-block-group introduction is-layout-constrained wp-block-group-is-layout-constrained\" style=\"padding-bottom:120px\">\n<div class=\"wp-block-group introduction-en-vedette inview-anim-zoom-in is-layout-constrained wp-block-group-is-layout-constrained\">\n<div class=\"wp-block-columns is-layout-flex wp-container-core-columns-is-layout-9d6595d7 wp-block-columns-is-layout-flex\">\n<div class=\"wp-block-column is-layout-flow wp-block-column-is-layout-flow\" style=\"flex-basis:66.66%\">\n<p class=\"has-text-align-center\">Ten la tranquilidad de saber que todos nuestros acompa\u00f1amientos est\u00e1n protegidos por una pol\u00edtica de confidencialidad.<\/p>\n<\/div>\n\n\n\n<div class=\"wp-block-column is-layout-flow wp-block-column-is-layout-flow\" style=\"flex-basis:33.33%\">\n<div class=\"wp-block-buttons is-content-justification-center is-layout-flex wp-container-core-buttons-is-layout-16018d1d wp-block-buttons-is-layout-flex\">\n<div class=\"wp-block-button\"><a class=\"wp-block-button__link has-bleu-color has-blanc-background-color has-text-color has-background has-link-color wp-element-button\" href=\"https:\/\/www.illusionemploi.org\/es\/politica-de-privacidad\/\">CONFIDENCIALIDAD<\/a><\/div>\n<\/div>\n<\/div>\n<\/div>\n\n\n\n<div class=\"wp-block-group graphique-vagues onscroll-move-right-left is-layout-constrained wp-block-group-is-layout-constrained\">\n<div class=\"wp-block-group graphique-vagues-img is-layout-constrained wp-block-group-is-layout-constrained\">\n<p><\/p>\n<\/div>\n<\/div>\n<\/div>\n\n\n\n<h4 class=\"wp-block-heading has-text-align-center\"><strong>Podemos ayudarte si eres una trabajadora o un trabajador no sindicalizado y si:<\/strong><\/h4>\n\n\n\n<div class=\"wp-block-group encadre-vedette is-layout-constrained wp-block-group-is-layout-constrained\">\n<ul class=\"wp-block-list\">\n<li class=\"has-medium-font-size\"><strong>Crees que tus derechos no est\u00e1n siendo respetados.<\/strong><\/li>\n\n\n\n<li class=\"has-medium-font-size\"><strong>Fuiste despedido\/a injustamente o sufriste represalias.<\/strong><\/li>\n\n\n\n<li class=\"has-medium-font-size\"><strong>Eres v\u00edctima de acoso en el trabajo.<\/strong><\/li>\n<\/ul>\n<\/div>\n<\/div>\n\n<div class=\"wp-block-cover alignfull is-light pt-60px pt-lg-80px wp-block-cover--parallax fond-bleu\" style=\"padding-bottom:var(--wp--preset--spacing--60)\"><span aria-hidden=\"true\" class=\"wp-block-cover__background has-bleu-background-color has-background-dim\"><\/span><img loading=\"lazy\" decoding=\"async\" width=\"2300\" height=\"1599\" class=\"wp-block-cover__image-background wp-image-1253\" alt=\"\" src=\"https:\/\/www.illusionemploi.org\/wp-content\/uploads\/2024\/09\/fond-bleu-logo-illusion-emploi-background2.jpg\" data-object-fit=\"cover\" srcset=\"https:\/\/www.illusionemploi.org\/wp-content\/uploads\/2024\/09\/fond-bleu-logo-illusion-emploi-background2.jpg 2300w, https:\/\/www.illusionemploi.org\/wp-content\/uploads\/2024\/09\/fond-bleu-logo-illusion-emploi-background2-1226x852.jpg 1226w, https:\/\/www.illusionemploi.org\/wp-content\/uploads\/2024\/09\/fond-bleu-logo-illusion-emploi-background2-613x426.jpg 613w, https:\/\/www.illusionemploi.org\/wp-content\/uploads\/2024\/09\/fond-bleu-logo-illusion-emploi-background2-768x534.jpg 768w, https:\/\/www.illusionemploi.org\/wp-content\/uploads\/2024\/09\/fond-bleu-logo-illusion-emploi-background2-1536x1068.jpg 1536w, https:\/\/www.illusionemploi.org\/wp-content\/uploads\/2024\/09\/fond-bleu-logo-illusion-emploi-background2-2048x1424.jpg 2048w\" sizes=\"auto, (max-width: 2300px) 100vw, 2300px\" \/><div class=\"wp-block-cover__inner-container is-layout-constrained wp-block-cover-is-layout-constrained\">\n<div id=\"revendications\" class=\"wp-block-group container is-layout-constrained wp-block-group-is-layout-constrained\">\n<h4 class=\"wp-block-heading has-text-align-center has-blanc-color has-text-color has-link-color wp-elements-5a313217b7ce7b0a634309fecc0367b1\" style=\"margin-top:0;margin-bottom:23px\"><strong>Esto es lo que ofrecemos:<\/strong><\/h4>\n\n\n\n<p class=\"has-text-align-center has-blanc-color has-text-color has-link-color has-medium-font-size wp-elements-624ef52ac6ef253a45d24a169faf9209\">Para trabajadoras y trabajadores no sindicalizados<\/p>\n\n\n\n<div style=\"height:30px\" aria-hidden=\"true\" class=\"wp-block-spacer\"><\/div>\n\n\n\n<div class=\"wp-block-columns row-cols-lg-2 g-lg-50px align-items-stretch is-layout-flex wp-container-core-columns-is-layout-9d6595d7 wp-block-columns-is-layout-flex\">\n<div class=\"wp-block-column m-0 is-layout-flow wp-block-column-is-layout-flow\">\n<div class=\"wp-block-group encadre encadre--blanc min-height-200px d-flex justify-content-start align-items-center is-layout-constrained wp-block-group-is-layout-constrained\" style=\"margin-bottom:50px\">\n<div class=\"wp-block-group w-100 is-layout-constrained wp-block-group-is-layout-constrained\">\n<p class=\"has-text-align-left has-large-font-size\" style=\"margin-bottom:0\"><strong>INFORMACI\u00d3N<\/strong><\/p>\n\n\n\n<p class=\"has-text-align-left has-medium-font-size\">Explicaciones claras sobre la Ley de Normas del Trabajo y el proceso de quejas.<\/p>\n<\/div>\n<\/div>\n<\/div>\n\n\n\n<div class=\"wp-block-column m-0 is-layout-flow wp-block-column-is-layout-flow\">\n<div class=\"wp-block-group encadre encadre--blanc min-height-200px d-flex justify-content-start align-items-center is-layout-constrained wp-block-group-is-layout-constrained\" style=\"margin-bottom:50px\">\n<div class=\"wp-block-group w-100 is-layout-constrained wp-block-group-is-layout-constrained\">\n<p class=\"has-text-align-left has-large-font-size\" style=\"margin-bottom:0\"><strong>ASESORAMIENTO<\/strong><\/p>\n\n\n\n<p class=\"has-text-align-left has-medium-font-size\">Consejos pr\u00e1cticos o referencias \u00fatiles.<\/p>\n<\/div>\n<\/div>\n<\/div>\n<\/div>\n\n\n\n<div class=\"wp-block-columns row-cols-lg-2 g-lg-50px align-items-stretch is-layout-flex wp-container-core-columns-is-layout-9d6595d7 wp-block-columns-is-layout-flex\">\n<div class=\"wp-block-column m-0 is-layout-flow wp-block-column-is-layout-flow\">\n<div class=\"wp-block-group encadre encadre--blanc min-height-200px d-flex justify-content-start align-items-center is-layout-constrained wp-block-group-is-layout-constrained\" style=\"margin-bottom:50px\">\n<div class=\"wp-block-group w-100 is-layout-constrained wp-block-group-is-layout-constrained\">\n<p class=\"has-text-align-left has-large-font-size\" style=\"margin-bottom:0\"><strong>ACOMPA\u00d1AMIENTO<\/strong><\/p>\n\n\n\n<p class=\"has-text-align-left has-medium-font-size\">Durante los pasos del proceso de queja (desde la redacci\u00f3n de los hechos hasta la mediaci\u00f3n).<\/p>\n<\/div>\n<\/div>\n<\/div>\n\n\n\n<div class=\"wp-block-column m-0 is-layout-flow wp-block-column-is-layout-flow\">\n<div class=\"wp-block-group encadre encadre--blanc min-height-200px d-flex justify-content-start align-items-center is-layout-constrained wp-block-group-is-layout-constrained\" style=\"margin-bottom:50px\">\n<div class=\"wp-block-group w-100 is-layout-constrained wp-block-group-is-layout-constrained\">\n<p class=\"has-text-align-left has-large-font-size\" style=\"margin-bottom:0\"><strong>AYUDA<\/strong><\/p>\n\n\n\n<p class=\"has-text-align-left has-medium-font-size\">Para completar los formularios de queja ante la CNESST sobre normas laborales.<\/p>\n<\/div>\n<\/div>\n<\/div>\n<\/div>\n\n\n\n<div class=\"wp-block-group text-center is-layout-constrained wp-block-group-is-layout-constrained\">\n<p class=\"has-text-align-center\">Para m\u00e1s informaci\u00f3n sobre los recursos disponibles a trav\u00e9s de la CNESST, consulta nuestra secci\u00f3n <a href=\"https:\/\/www.illusionemploi.org\/es\/normas-laborales\/\" data-type=\"page\" data-id=\"1267\">Normas laborales<\/a><\/p>\n<\/div>\n\n\n\n<div class=\"wp-block-group is-layout-constrained wp-block-group-is-layout-constrained\">\n<figure class=\"wp-block-image aligncenter size-full is-resized\"><img loading=\"lazy\" decoding=\"async\" width=\"1104\" height=\"488\" src=\"https:\/\/www.illusionemploi.org\/wp-content\/uploads\/2024\/09\/cnesst-logo-blanc.png\" alt=\"\" class=\"wp-image-1312\" style=\"width:118px;height:auto\" srcset=\"https:\/\/www.illusionemploi.org\/wp-content\/uploads\/2024\/09\/cnesst-logo-blanc.png 1104w, https:\/\/www.illusionemploi.org\/wp-content\/uploads\/2024\/09\/cnesst-logo-blanc-640x283.png 640w, https:\/\/www.illusionemploi.org\/wp-content\/uploads\/2024\/09\/cnesst-logo-blanc-768x339.png 768w\" sizes=\"auto, (max-width: 1104px) 100vw, 1104px\" \/><\/figure>\n<\/div>\n<\/div>\n<\/div><\/div>\n\n<div class=\"wp-block-group is-layout-constrained wp-block-group-is-layout-constrained\" style=\"padding-top:120px;padding-bottom:120px\">\n<div class=\"wp-block-columns align-items-center is-layout-flex wp-container-core-columns-is-layout-9d6595d7 wp-block-columns-is-layout-flex\">\n<div class=\"wp-block-column is-layout-flow wp-block-column-is-layout-flow\">\n<h4 class=\"wp-block-heading has-large-font-size\" style=\"margin-bottom:0\"><strong>\u00bfC\u00f3mo acceder<br\/>a nuestros servicios?<\/strong><\/h4>\n<\/div>\n\n\n\n<div class=\"wp-block-column is-layout-flow wp-block-column-is-layout-flow\">\n<p class=\"has-text-align-left has-medium-font-size\"><strong>Solo tienes que llamarnos antes de venir, para asegurarte de que alguien podr\u00e1 recibirte.<\/strong><\/p>\n\n\n\n<p class=\"has-text-align-left\"><em>(Somos un equipo peque\u00f1o y no siempre estamos presentes en la oficina.)<\/em><\/p>\n\n\n\n<div class=\"wp-block-buttons is-layout-flex wp-block-buttons-is-layout-flex\">\n<div class=\"wp-block-button\"><a class=\"wp-block-button__link wp-element-button\" href=\"https:\/\/www.illusionemploi.org\/es\/contacto\/\">CONT\u00c1CTANOS<\/a><\/div>\n<\/div>\n<\/div>\n<\/div>\n\n\n\n<div style=\"height:100px\" aria-hidden=\"true\" class=\"wp-block-spacer\"><\/div>\n\n\n\n<div class=\"wp-block-columns align-items-center is-layout-flex wp-container-core-columns-is-layout-9d6595d7 wp-block-columns-is-layout-flex\">\n<div class=\"wp-block-column is-layout-flow wp-block-column-is-layout-flow\">\n<h4 class=\"wp-block-heading has-large-font-size\" style=\"margin-bottom:0\"><strong>Accesibilidad <\/strong><br\/>\n  <strong>de nuestras oficinas<\/strong>\n<\/h4>\n<\/div>\n\n\n\n<div class=\"wp-block-column is-layout-flow wp-block-column-is-layout-flow\">\n<p class=\"has-text-align-left has-medium-font-size\"><strong>Nuestras oficinas est\u00e1n ubicadas en el tercer piso del 187 rue Laurier, en Sherbrooke. <\/strong><\/p>\n\n\n\n<p class=\"has-text-align-left\"><em>Si tienes dificultades para acceder, av\u00edsanos: contamos con un local accesible en la planta baja.<\/em><\/p>\n<\/div>\n<\/div>\n<\/div>\n\n<div class=\"wp-block-group has-gris-tres-pale-background-color has-background is-layout-constrained wp-container-core-group-is-layout-1c1b4f74 wp-block-group-is-layout-constrained\" style=\"padding-top:var(--wp--preset--spacing--50);padding-right:var(--wp--preset--spacing--50);padding-bottom:var(--wp--preset--spacing--50);padding-left:var(--wp--preset--spacing--50)\">\n<p class=\"has-text-align-center\"><em>Ten en cuenta que no ofrecemos asesor\u00eda jur\u00eddica.<\/em><br\/>\n  <em>Podemos referirte a una o un profesional seg\u00fan tu situaci\u00f3n.<\/em>\n<\/p>\n<\/div>\n\n<div style=\"height:100px\" aria-hidden=\"true\" class=\"wp-block-spacer\"><\/div>\n\n<p><\/p>\n","protected":false},"excerpt":{"rendered":"<p>Ten la tranquilidad de saber que todos nuestros acompa\u00f1amientos est\u00e1n protegidos por una pol\u00edtica de confidencialidad. Podemos ayudarte si eres una trabajadora o un trabajador no sindicalizado y si: \u00bfC\u00f3mo accedera nuestros servicios? Solo tienes que llamarnos antes de venir, para asegurarte de que alguien podr\u00e1 recibirte. (Somos un equipo peque\u00f1o y no siempre estamos<\/p>\n","protected":false},"author":3454,"featured_media":0,"parent":0,"menu_order":0,"comment_status":"closed","ping_status":"closed","template":"pages-templates\/page_standard_sans_marge_footer.php","meta":{"footnotes":""},"class_list":["post-2473","page","type-page","status-publish","hentry"],"yoast_head":"<!-- This site is optimized with the Yoast SEO plugin v27.4 - https:\/\/yoast.com\/product\/yoast-seo-wordpress\/ -->\n<title>Asesor\u00eda y acompa\u00f1amiento - Illusion Emploi<\/title>\n<meta name=\"robots\" content=\"index, follow, max-snippet:-1, max-image-preview:large, max-video-preview:-1\" \/>\n<link rel=\"canonical\" href=\"https:\/\/www.illusionemploi.org\/es\/asesoria-y-acompanamiento\/\" \/>\n<meta property=\"og:locale\" content=\"es_ES\" \/>\n<meta property=\"og:type\" content=\"article\" \/>\n<meta property=\"og:title\" content=\"Asesor\u00eda y acompa\u00f1amiento - Illusion Emploi\" \/>\n<meta property=\"og:description\" content=\"Ten la tranquilidad de saber que todos nuestros acompa\u00f1amientos est\u00e1n protegidos por una pol\u00edtica de confidencialidad. Podemos ayudarte si eres una trabajadora o un trabajador no sindicalizado y si: \u00bfC\u00f3mo accedera nuestros servicios? Solo tienes que llamarnos antes de venir, para asegurarte de que alguien podr\u00e1 recibirte. (Somos un equipo peque\u00f1o y no siempre estamos\" \/>\n<meta property=\"og:url\" content=\"https:\/\/www.illusionemploi.org\/es\/asesoria-y-acompanamiento\/\" \/>\n<meta property=\"og:site_name\" content=\"Illusion Emploi\" \/>\n<meta property=\"article:publisher\" content=\"https:\/\/www.facebook.com\/profile.php?id=100068272669446\" \/>\n<meta property=\"article:modified_time\" content=\"2025-10-07T20:40:16+00:00\" \/>\n<meta property=\"og:image\" content=\"https:\/\/www.illusionemploi.org\/wp-content\/uploads\/2024\/09\/accompagnement-scaled.jpg\" \/>\n\t<meta property=\"og:image:width\" content=\"2560\" \/>\n\t<meta property=\"og:image:height\" content=\"1699\" \/>\n\t<meta property=\"og:image:type\" content=\"image\/jpeg\" \/>\n<meta name=\"twitter:card\" content=\"summary_large_image\" \/>\n<script type=\"application\/ld+json\" class=\"yoast-schema-graph\">{\"@context\":\"https:\\\/\\\/schema.org\",\"@graph\":[{\"@type\":\"WebPage\",\"@id\":\"https:\\\/\\\/www.illusionemploi.org\\\/es\\\/asesoria-y-acompanamiento\\\/\",\"url\":\"https:\\\/\\\/www.illusionemploi.org\\\/es\\\/asesoria-y-acompanamiento\\\/\",\"name\":\"Asesor\u00eda y acompa\u00f1amiento - Illusion Emploi\",\"isPartOf\":{\"@id\":\"https:\\\/\\\/www.illusionemploi.org\\\/es\\\/#website\"},\"primaryImageOfPage\":{\"@id\":\"https:\\\/\\\/www.illusionemploi.org\\\/es\\\/asesoria-y-acompanamiento\\\/#primaryimage\"},\"image\":{\"@id\":\"https:\\\/\\\/www.illusionemploi.org\\\/es\\\/asesoria-y-acompanamiento\\\/#primaryimage\"},\"thumbnailUrl\":\"https:\\\/\\\/www.illusionemploi.org\\\/wp-content\\\/uploads\\\/2024\\\/09\\\/accompagnement-scaled.jpg\",\"datePublished\":\"2024-09-25T17:28:28+00:00\",\"dateModified\":\"2025-10-07T20:40:16+00:00\",\"breadcrumb\":{\"@id\":\"https:\\\/\\\/www.illusionemploi.org\\\/es\\\/asesoria-y-acompanamiento\\\/#breadcrumb\"},\"inLanguage\":\"es\",\"potentialAction\":[{\"@type\":\"ReadAction\",\"target\":[\"https:\\\/\\\/www.illusionemploi.org\\\/es\\\/asesoria-y-acompanamiento\\\/\"]}]},{\"@type\":\"ImageObject\",\"inLanguage\":\"es\",\"@id\":\"https:\\\/\\\/www.illusionemploi.org\\\/es\\\/asesoria-y-acompanamiento\\\/#primaryimage\",\"url\":\"https:\\\/\\\/www.illusionemploi.org\\\/wp-content\\\/uploads\\\/2024\\\/09\\\/accompagnement-scaled.jpg\",\"contentUrl\":\"https:\\\/\\\/www.illusionemploi.org\\\/wp-content\\\/uploads\\\/2024\\\/09\\\/accompagnement-scaled.jpg\"},{\"@type\":\"BreadcrumbList\",\"@id\":\"https:\\\/\\\/www.illusionemploi.org\\\/es\\\/asesoria-y-acompanamiento\\\/#breadcrumb\",\"itemListElement\":[{\"@type\":\"ListItem\",\"position\":1,\"name\":\"Home\",\"item\":\"https:\\\/\\\/www.illusionemploi.org\\\/es\\\/\"},{\"@type\":\"ListItem\",\"position\":2,\"name\":\"Asesor\u00eda y acompa\u00f1amiento\"}]},{\"@type\":\"WebSite\",\"@id\":\"https:\\\/\\\/www.illusionemploi.org\\\/es\\\/#website\",\"url\":\"https:\\\/\\\/www.illusionemploi.org\\\/es\\\/\",\"name\":\"Illusion Emploi\",\"description\":\"\",\"publisher\":{\"@id\":\"https:\\\/\\\/www.illusionemploi.org\\\/es\\\/#organization\"},\"potentialAction\":[{\"@type\":\"SearchAction\",\"target\":{\"@type\":\"EntryPoint\",\"urlTemplate\":\"https:\\\/\\\/www.illusionemploi.org\\\/es\\\/?s={search_term_string}\"},\"query-input\":{\"@type\":\"PropertyValueSpecification\",\"valueRequired\":true,\"valueName\":\"search_term_string\"}}],\"inLanguage\":\"es\"},{\"@type\":\"Organization\",\"@id\":\"https:\\\/\\\/www.illusionemploi.org\\\/es\\\/#organization\",\"name\":\"Illusion Emploi\",\"url\":\"https:\\\/\\\/www.illusionemploi.org\\\/es\\\/\",\"logo\":{\"@type\":\"ImageObject\",\"inLanguage\":\"es\",\"@id\":\"https:\\\/\\\/www.illusionemploi.org\\\/es\\\/#\\\/schema\\\/logo\\\/image\\\/\",\"url\":\"https:\\\/\\\/www.illusionemploi.org\\\/wp-content\\\/uploads\\\/2025\\\/01\\\/logo-dans-carre.png\",\"contentUrl\":\"https:\\\/\\\/www.illusionemploi.org\\\/wp-content\\\/uploads\\\/2025\\\/01\\\/logo-dans-carre.png\",\"width\":1000,\"height\":1000,\"caption\":\"Illusion Emploi\"},\"image\":{\"@id\":\"https:\\\/\\\/www.illusionemploi.org\\\/es\\\/#\\\/schema\\\/logo\\\/image\\\/\"},\"sameAs\":[\"https:\\\/\\\/www.facebook.com\\\/profile.php?id=100068272669446\"]}]}<\/script>\n<!-- \/ Yoast SEO plugin. -->","yoast_head_json":{"title":"Asesor\u00eda y acompa\u00f1amiento - Illusion Emploi","robots":{"index":"index","follow":"follow","max-snippet":"max-snippet:-1","max-image-preview":"max-image-preview:large","max-video-preview":"max-video-preview:-1"},"canonical":"https:\/\/www.illusionemploi.org\/es\/asesoria-y-acompanamiento\/","og_locale":"es_ES","og_type":"article","og_title":"Asesor\u00eda y acompa\u00f1amiento - Illusion Emploi","og_description":"Ten la tranquilidad de saber que todos nuestros acompa\u00f1amientos est\u00e1n protegidos por una pol\u00edtica de confidencialidad. Podemos ayudarte si eres una trabajadora o un trabajador no sindicalizado y si: \u00bfC\u00f3mo accedera nuestros servicios? Solo tienes que llamarnos antes de venir, para asegurarte de que alguien podr\u00e1 recibirte. (Somos un equipo peque\u00f1o y no siempre estamos","og_url":"https:\/\/www.illusionemploi.org\/es\/asesoria-y-acompanamiento\/","og_site_name":"Illusion Emploi","article_publisher":"https:\/\/www.facebook.com\/profile.php?id=100068272669446","article_modified_time":"2025-10-07T20:40:16+00:00","og_image":[{"width":2560,"height":1699,"url":"https:\/\/www.illusionemploi.org\/wp-content\/uploads\/2024\/09\/accompagnement-scaled.jpg","type":"image\/jpeg"}],"twitter_card":"summary_large_image","schema":{"@context":"https:\/\/schema.org","@graph":[{"@type":"WebPage","@id":"https:\/\/www.illusionemploi.org\/es\/asesoria-y-acompanamiento\/","url":"https:\/\/www.illusionemploi.org\/es\/asesoria-y-acompanamiento\/","name":"Asesor\u00eda y acompa\u00f1amiento - Illusion Emploi","isPartOf":{"@id":"https:\/\/www.illusionemploi.org\/es\/#website"},"primaryImageOfPage":{"@id":"https:\/\/www.illusionemploi.org\/es\/asesoria-y-acompanamiento\/#primaryimage"},"image":{"@id":"https:\/\/www.illusionemploi.org\/es\/asesoria-y-acompanamiento\/#primaryimage"},"thumbnailUrl":"https:\/\/www.illusionemploi.org\/wp-content\/uploads\/2024\/09\/accompagnement-scaled.jpg","datePublished":"2024-09-25T17:28:28+00:00","dateModified":"2025-10-07T20:40:16+00:00","breadcrumb":{"@id":"https:\/\/www.illusionemploi.org\/es\/asesoria-y-acompanamiento\/#breadcrumb"},"inLanguage":"es","potentialAction":[{"@type":"ReadAction","target":["https:\/\/www.illusionemploi.org\/es\/asesoria-y-acompanamiento\/"]}]},{"@type":"ImageObject","inLanguage":"es","@id":"https:\/\/www.illusionemploi.org\/es\/asesoria-y-acompanamiento\/#primaryimage","url":"https:\/\/www.illusionemploi.org\/wp-content\/uploads\/2024\/09\/accompagnement-scaled.jpg","contentUrl":"https:\/\/www.illusionemploi.org\/wp-content\/uploads\/2024\/09\/accompagnement-scaled.jpg"},{"@type":"BreadcrumbList","@id":"https:\/\/www.illusionemploi.org\/es\/asesoria-y-acompanamiento\/#breadcrumb","itemListElement":[{"@type":"ListItem","position":1,"name":"Home","item":"https:\/\/www.illusionemploi.org\/es\/"},{"@type":"ListItem","position":2,"name":"Asesor\u00eda y acompa\u00f1amiento"}]},{"@type":"WebSite","@id":"https:\/\/www.illusionemploi.org\/es\/#website","url":"https:\/\/www.illusionemploi.org\/es\/","name":"Illusion Emploi","description":"","publisher":{"@id":"https:\/\/www.illusionemploi.org\/es\/#organization"},"potentialAction":[{"@type":"SearchAction","target":{"@type":"EntryPoint","urlTemplate":"https:\/\/www.illusionemploi.org\/es\/?s={search_term_string}"},"query-input":{"@type":"PropertyValueSpecification","valueRequired":true,"valueName":"search_term_string"}}],"inLanguage":"es"},{"@type":"Organization","@id":"https:\/\/www.illusionemploi.org\/es\/#organization","name":"Illusion Emploi","url":"https:\/\/www.illusionemploi.org\/es\/","logo":{"@type":"ImageObject","inLanguage":"es","@id":"https:\/\/www.illusionemploi.org\/es\/#\/schema\/logo\/image\/","url":"https:\/\/www.illusionemploi.org\/wp-content\/uploads\/2025\/01\/logo-dans-carre.png","contentUrl":"https:\/\/www.illusionemploi.org\/wp-content\/uploads\/2025\/01\/logo-dans-carre.png","width":1000,"height":1000,"caption":"Illusion Emploi"},"image":{"@id":"https:\/\/www.illusionemploi.org\/es\/#\/schema\/logo\/image\/"},"sameAs":["https:\/\/www.facebook.com\/profile.php?id=100068272669446"]}]}},"_links":{"self":[{"href":"https:\/\/www.illusionemploi.org\/es\/wp-json\/wp\/v2\/pages\/2473","targetHints":{"allow":["GET"]}}],"collection":[{"href":"https:\/\/www.illusionemploi.org\/es\/wp-json\/wp\/v2\/pages"}],"about":[{"href":"https:\/\/www.illusionemploi.org\/es\/wp-json\/wp\/v2\/types\/page"}],"author":[{"embeddable":true,"href":"https:\/\/www.illusionemploi.org\/es\/wp-json\/wp\/v2\/users\/3454"}],"replies":[{"embeddable":true,"href":"https:\/\/www.illusionemploi.org\/es\/wp-json\/wp\/v2\/comments?post=2473"}],"version-history":[{"count":5,"href":"https:\/\/www.illusionemploi.org\/es\/wp-json\/wp\/v2\/pages\/2473\/revisions"}],"predecessor-version":[{"id":2636,"href":"https:\/\/www.illusionemploi.org\/es\/wp-json\/wp\/v2\/pages\/2473\/revisions\/2636"}],"wp:attachment":[{"href":"https:\/\/www.illusionemploi.org\/es\/wp-json\/wp\/v2\/media?parent=2473"}],"curies":[{"name":"wp","href":"https:\/\/api.w.org\/{rel}","templated":true}]}}