{"id":2396,"date":"2018-08-30T15:02:20","date_gmt":"2018-08-30T19:02:20","guid":{"rendered":"https:\/\/www.illusionemploi.org\/inicio\/"},"modified":"2025-10-08T10:50:26","modified_gmt":"2025-10-08T14:50:26","slug":"inicio","status":"publish","type":"page","link":"https:\/\/www.illusionemploi.org\/es\/","title":{"rendered":"Inicio"},"content":{"rendered":"\n<div class=\"wp-block-group alignfull entete-photo-container entete-photo__accueil slider-container mb-125px mb-md-150px has-blanc-background-color has-background is-layout-flow wp-block-group-is-layout-flow\">\n<div class=\"wp-block-group alignfull entete-photo__slider slider is-layout-constrained wp-block-group-is-layout-constrained\">\n<div class=\"wp-block-cover entete-photo entete-photo--parallax\"><span aria-hidden=\"true\" class=\"wp-block-cover__background has-background-dim-0 has-background-dim\" style=\"background-color:#343232\"><\/span><img loading=\"lazy\" decoding=\"async\" width=\"2560\" height=\"1693\" class=\"wp-block-cover__image-background wp-image-399\" alt=\"\" src=\"https:\/\/www.illusionemploi.org\/wp-content\/uploads\/2024\/09\/travailleurs-dans-usine-1-scaled.jpg\" data-object-fit=\"cover\" srcset=\"https:\/\/www.illusionemploi.org\/wp-content\/uploads\/2024\/09\/travailleurs-dans-usine-1-scaled.jpg 2560w, https:\/\/www.illusionemploi.org\/wp-content\/uploads\/2024\/09\/travailleurs-dans-usine-1-1280x847.jpg 1280w, https:\/\/www.illusionemploi.org\/wp-content\/uploads\/2024\/09\/travailleurs-dans-usine-1-640x423.jpg 640w, https:\/\/www.illusionemploi.org\/wp-content\/uploads\/2024\/09\/travailleurs-dans-usine-1-768x508.jpg 768w, https:\/\/www.illusionemploi.org\/wp-content\/uploads\/2024\/09\/travailleurs-dans-usine-1-1536x1016.jpg 1536w, https:\/\/www.illusionemploi.org\/wp-content\/uploads\/2024\/09\/travailleurs-dans-usine-1-2048x1355.jpg 2048w\" sizes=\"auto, (max-width: 2560px) 100vw, 2560px\" \/><div class=\"wp-block-cover__inner-container is-layout-flow wp-block-cover-is-layout-flow\">\n<div class=\"wp-block-group entete-photo__contenu is-layout-flow wp-block-group-is-layout-flow\">\n<p class=\"m-0 mb-10px texte-extra-jumbo\">\u00a1MISMOS <strong class=\"texte-black\">EMPLEOS<\/strong><\/p>\n\n\n\n<p class=\"m-0 texte-extra-jumbo has-vert-color has-text-color has-link-color wp-elements-8e85cf8e2afdba9885a53d45f626f038\">MISMAS <strong class=\"texte-black\">CONDICIONES!<\/strong><\/p>\n<\/div>\n<\/div><\/div>\n\n\n\n<div class=\"wp-block-cover is-light entete-photo entete-photo--parallax\"><span aria-hidden=\"true\" class=\"wp-block-cover__background has-background-dim-0 has-background-dim\" style=\"background-color:#343232\"><\/span><img loading=\"lazy\" decoding=\"async\" width=\"2560\" height=\"1436\" class=\"wp-block-cover__image-background wp-image-1168\" alt=\"\" src=\"https:\/\/www.illusionemploi.org\/wp-content\/uploads\/2024\/09\/menage3-scaled.jpg\" data-object-fit=\"cover\" srcset=\"https:\/\/www.illusionemploi.org\/wp-content\/uploads\/2024\/09\/menage3-scaled.jpg 2560w, https:\/\/www.illusionemploi.org\/wp-content\/uploads\/2024\/09\/menage3-1280x718.jpg 1280w, https:\/\/www.illusionemploi.org\/wp-content\/uploads\/2024\/09\/menage3-640x359.jpg 640w, https:\/\/www.illusionemploi.org\/wp-content\/uploads\/2024\/09\/menage3-768x431.jpg 768w, https:\/\/www.illusionemploi.org\/wp-content\/uploads\/2024\/09\/menage3-1536x862.jpg 1536w, https:\/\/www.illusionemploi.org\/wp-content\/uploads\/2024\/09\/menage3-2048x1149.jpg 2048w\" sizes=\"auto, (max-width: 2560px) 100vw, 2560px\" \/><div class=\"wp-block-cover__inner-container is-layout-flow wp-block-cover-is-layout-flow\">\n<div class=\"wp-block-group entete-photo__contenu is-layout-flow wp-block-group-is-layout-flow\">\n<p class=\"m-0 mb-10px texte-extra-jumbo has-blanc-color has-text-color has-link-color wp-elements-1718f9228e316f7abd52ccf995bebea4\">\u00a1MISMOS <strong class=\"texte-black\">DERECHOS,<\/strong><\/p>\n\n\n\n<p class=\"m-0 texte-extra-jumbo has-vert-color has-text-color has-link-color wp-elements-741b4218f1b309d0a68fcb4105ee1aa9\">MISMAS <strong class=\"texte-black\">PROTECCIONES!<\/strong><\/p>\n<\/div>\n<\/div><\/div>\n<\/div>\n<\/div>\n\n<div class=\"wp-block-group alignwide btn-vedettes-accueil inview-anim-custom is-layout-constrained wp-block-group-is-layout-constrained\">\n<div class=\"wp-block-columns justify-content-center align-items-stretch g-0 is-layout-flex wp-container-core-columns-is-layout-9d6595d7 wp-block-columns-is-layout-flex\">\n<div class=\"wp-block-column col-xl-5 col-md-6 m-0 p-0 inview-anim-zoom-in is-layout-flow wp-block-column-is-layout-flow\">\n<div class=\"wp-block-cover is-light wp-duotone-grayscale\" style=\"padding-top:var(--wp--preset--spacing--80);padding-right:var(--wp--preset--spacing--60);padding-bottom:var(--wp--preset--spacing--80);padding-left:var(--wp--preset--spacing--60)\"><span aria-hidden=\"true\" class=\"wp-block-cover__background has-bleu-background-color has-background-dim-80 has-background-dim\"><\/span><img loading=\"lazy\" decoding=\"async\" width=\"2560\" height=\"1699\" class=\"wp-block-cover__image-background wp-image-415\" alt=\"\" src=\"https:\/\/www.illusionemploi.org\/wp-content\/uploads\/2024\/09\/conseil-et-accompagnement-scaled.jpg\" data-object-fit=\"cover\" srcset=\"https:\/\/www.illusionemploi.org\/wp-content\/uploads\/2024\/09\/conseil-et-accompagnement-scaled.jpg 2560w, https:\/\/www.illusionemploi.org\/wp-content\/uploads\/2024\/09\/conseil-et-accompagnement-1280x849.jpg 1280w, https:\/\/www.illusionemploi.org\/wp-content\/uploads\/2024\/09\/conseil-et-accompagnement-640x426.jpg 640w, https:\/\/www.illusionemploi.org\/wp-content\/uploads\/2024\/09\/conseil-et-accompagnement-768x510.jpg 768w, https:\/\/www.illusionemploi.org\/wp-content\/uploads\/2024\/09\/conseil-et-accompagnement-1536x1019.jpg 1536w, https:\/\/www.illusionemploi.org\/wp-content\/uploads\/2024\/09\/conseil-et-accompagnement-2048x1359.jpg 2048w\" sizes=\"auto, (max-width: 2560px) 100vw, 2560px\" \/><div class=\"wp-block-cover__inner-container is-layout-constrained wp-container-core-cover-is-layout-b98e07a7 wp-block-cover-is-layout-constrained\">\n<p class=\"has-text-align-center texte-jumbo has-blanc-color has-text-color has-link-color has-large-font-size wp-elements-25a8283b89c668a95da776d8a7156e65\" style=\"margin-bottom:var(--wp--preset--spacing--60)\"><strong>Asesor\u00eda y<br\/>acompa\u00f1amiento<\/strong><\/p>\n\n\n\n<div class=\"wp-block-buttons is-content-justification-center is-layout-flex wp-container-core-buttons-is-layout-16018d1d wp-block-buttons-is-layout-flex\">\n<div class=\"wp-block-button\"><a class=\"wp-block-button__link has-bleu-color has-blanc-background-color has-text-color has-background has-link-color wp-element-button\" href=\"https:\/\/www.illusionemploi.org\/es\/asesoria-y-acompanamiento\/\">M\u00c1S INFORMACI\u00d3N<\/a><\/div>\n<\/div>\n<\/div><\/div>\n<\/div>\n\n\n\n<div class=\"wp-block-column col-xl-5 col-md-6 m-0 p-0 inview-anim-zoom-in anim-delai-0.3sec is-layout-flow wp-block-column-is-layout-flow\">\n<div class=\"wp-block-cover is-light wp-duotone-grayscale\" style=\"padding-top:var(--wp--preset--spacing--80);padding-right:var(--wp--preset--spacing--60);padding-bottom:var(--wp--preset--spacing--80);padding-left:var(--wp--preset--spacing--60)\"><span aria-hidden=\"true\" class=\"wp-block-cover__background has-vert-background-color has-background-dim-80 has-background-dim\"><\/span><img loading=\"lazy\" decoding=\"async\" width=\"2560\" height=\"1699\" class=\"wp-block-cover__image-background wp-image-424\" alt=\"\" src=\"https:\/\/www.illusionemploi.org\/wp-content\/uploads\/2024\/09\/formations-et-ateliers-scaled.jpg\" data-object-fit=\"cover\" srcset=\"https:\/\/www.illusionemploi.org\/wp-content\/uploads\/2024\/09\/formations-et-ateliers-scaled.jpg 2560w, https:\/\/www.illusionemploi.org\/wp-content\/uploads\/2024\/09\/formations-et-ateliers-1280x849.jpg 1280w, https:\/\/www.illusionemploi.org\/wp-content\/uploads\/2024\/09\/formations-et-ateliers-640x426.jpg 640w, https:\/\/www.illusionemploi.org\/wp-content\/uploads\/2024\/09\/formations-et-ateliers-768x510.jpg 768w, https:\/\/www.illusionemploi.org\/wp-content\/uploads\/2024\/09\/formations-et-ateliers-1536x1019.jpg 1536w, https:\/\/www.illusionemploi.org\/wp-content\/uploads\/2024\/09\/formations-et-ateliers-2048x1359.jpg 2048w\" sizes=\"auto, (max-width: 2560px) 100vw, 2560px\" \/><div class=\"wp-block-cover__inner-container is-layout-constrained wp-container-core-cover-is-layout-b98e07a7 wp-block-cover-is-layout-constrained\">\n<p class=\"has-text-align-center texte-jumbo has-blanc-color has-text-color has-link-color has-large-font-size wp-elements-bdfe53e354199feee50d05f2b3aaa7fa\" style=\"margin-bottom:var(--wp--preset--spacing--60)\"><strong>Capacitaciones<br\/>y talleres<\/strong><\/p>\n\n\n\n<div class=\"wp-block-buttons is-content-justification-center is-layout-flex wp-container-core-buttons-is-layout-16018d1d wp-block-buttons-is-layout-flex\">\n<div class=\"wp-block-button\"><a class=\"wp-block-button__link has-bleu-color has-blanc-background-color has-text-color has-background has-link-color wp-element-button\" href=\"https:\/\/www.illusionemploi.org\/es\/formacion-y-talleres\/\">M\u00c1S INFORMACI\u00d3N<\/a><\/div>\n<\/div>\n<\/div><\/div>\n<\/div>\n<\/div>\n<\/div>\n\n<div style=\"height:100px\" aria-hidden=\"true\" class=\"wp-block-spacer\"><\/div>\n\n<div class=\"wp-block-group introduction is-layout-constrained wp-block-group-is-layout-constrained\">\n<div class=\"wp-block-group px-xl-50px is-layout-constrained wp-block-group-is-layout-constrained\">\n<p class=\"has-text-align-center has-large-font-size\"><strong>Illusion Emploi de Estrie es una organizaci\u00f3n sin fines de lucro dedicada a la defensa y promoci\u00f3n de los derechos de las trabajadoras y trabajadores no sindicalizados.<\/strong><\/p>\n\n\n\n<div style=\"height:20px\" aria-hidden=\"true\" class=\"wp-block-spacer\"><\/div>\n\n\n\n<p class=\"has-text-align-center\">Desde 1994, Illusion Emploi es un grupo de educaci\u00f3n popular aut\u00f3noma que informa a la poblaci\u00f3n sobre sus derechos, as\u00ed como sobre los medios para hacerlos valer a trav\u00e9s de su servicio de asesor\u00eda y sus actividades de formaci\u00f3n.<\/p>\n\n\n\n<div style=\"height:20px\" aria-hidden=\"true\" class=\"wp-block-spacer\"><\/div>\n\n\n\n<div class=\"wp-block-buttons is-content-justification-center is-layout-flex wp-container-core-buttons-is-layout-16018d1d wp-block-buttons-is-layout-flex\">\n<div class=\"wp-block-button\"><a class=\"wp-block-button__link wp-element-button\" href=\"https:\/\/www.illusionemploi.org\/es\/sobre-nosotros\/\">M\u00c1S INFORMACI\u00d3N<\/a><\/div>\n<\/div>\n<\/div>\n<\/div>\n\n<div style=\"height:100px\" aria-hidden=\"true\" class=\"wp-block-spacer\"><\/div>\n\n<div class=\"wp-block-cover alignfull is-light pt-60px pt-lg-80px wp-block-cover--parallax wp-duotone-grayscale\"><span aria-hidden=\"true\" class=\"wp-block-cover__background has-bleu-background-color has-background-dim-80 has-background-dim\"><\/span><img loading=\"lazy\" decoding=\"async\" width=\"2100\" height=\"1200\" class=\"wp-block-cover__image-background wp-image-458\" alt=\"\" src=\"https:\/\/www.illusionemploi.org\/wp-content\/uploads\/2024\/09\/activites-a-venir-background.jpg\" data-object-fit=\"cover\" srcset=\"https:\/\/www.illusionemploi.org\/wp-content\/uploads\/2024\/09\/activites-a-venir-background.jpg 2100w, https:\/\/www.illusionemploi.org\/wp-content\/uploads\/2024\/09\/activites-a-venir-background-1280x731.jpg 1280w, https:\/\/www.illusionemploi.org\/wp-content\/uploads\/2024\/09\/activites-a-venir-background-640x366.jpg 640w, https:\/\/www.illusionemploi.org\/wp-content\/uploads\/2024\/09\/activites-a-venir-background-768x439.jpg 768w, https:\/\/www.illusionemploi.org\/wp-content\/uploads\/2024\/09\/activites-a-venir-background-1536x878.jpg 1536w, https:\/\/www.illusionemploi.org\/wp-content\/uploads\/2024\/09\/activites-a-venir-background-2048x1170.jpg 2048w\" sizes=\"auto, (max-width: 2100px) 100vw, 2100px\" \/><div class=\"wp-block-cover__inner-container is-layout-constrained wp-block-cover-is-layout-constrained\">\n<div id=\"activites-a-venir\" class=\"wp-block-group container is-layout-constrained wp-block-group-is-layout-constrained\">\n<div class=\"wp-block-columns is-layout-flex wp-container-core-columns-is-layout-9d6595d7 wp-block-columns-is-layout-flex\">\n<div class=\"wp-block-column col-lg-4 pr-xl-100px mb-60px mb-lg-0 is-layout-flow wp-block-column-is-layout-flow\">\n<figure class=\"wp-block-image aligncenter size-large is-resized\"><img decoding=\"async\" src=\"https:\/\/www.illusionemploi.org\/wp-content\/uploads\/2024\/09\/icon-calendrier.svg\" alt=\"\" class=\"wp-image-469\" style=\"width:85px;height:auto\"\/><\/figure>\n\n\n\n<h2 class=\"wp-block-heading has-text-align-center has-blanc-color has-text-color has-link-color wp-elements-f04c3902ef5f6c3c79b28e6fdcc6f504\">Pr\u00f3ximas actividades<\/h2>\n\n\n\n<p class=\"has-text-align-center has-vert-color has-text-color has-link-color has-large-font-size wp-elements-cd41b476437c0d96a89cdad8dcef3c52\"><strong>\u00a1ES GRATUITO!<\/strong><\/p>\n\n\n\n<p class=\"has-text-align-center has-blanc-color has-text-color has-link-color wp-elements-3bd867eb9d3f0e86795c15950622dc22\">Para consultar la programaci\u00f3n completa:<\/p>\n\n\n\n<div class=\"wp-block-buttons is-content-justification-center is-layout-flex wp-container-core-buttons-is-layout-16018d1d wp-block-buttons-is-layout-flex\">\n<div class=\"wp-block-button\"><a class=\"wp-block-button__link has-bleu-color has-blanc-background-color has-text-color has-background has-link-color wp-element-button\" href=\"https:\/\/www.illusionemploi.org\/es\/programacion\/\">PROGRAMACI\u00d3N<\/a><\/div>\n<\/div>\n<\/div>\n\n\n\n<div class=\"wp-block-column col-lg-8 is-layout-flow wp-block-column-is-layout-flow\">\n<div class=\"wp-block-group evenement mb-40px has-blanc-background-color has-background is-layout-constrained wp-block-group-is-layout-constrained\">\n<div class=\"wp-block-columns row align-items-stretch is-layout-flex wp-container-core-columns-is-layout-9d6595d7 wp-block-columns-is-layout-flex\">\n<div class=\"wp-block-column date col-md-4 m-0 has-vert-background-color has-background is-layout-flow wp-block-column-is-layout-flow\">\n<div class=\"wp-block-group date-container is-layout-constrained wp-block-group-is-layout-constrained\">\n<p class=\"texte-extra-jumbo mb-0\"><strong>27<\/strong><\/p>\n\n\n\n<p class=\"mb-0 texte-majuscule texte-bold texte-tres-gros\">FEBRERO<\/p>\n<\/div>\n<\/div>\n\n\n\n<div class=\"wp-block-column details col-md-8 flex-column m-0 is-layout-flow wp-block-column-is-layout-flow\">\n<div class=\"wp-block-group details-contenu is-layout-constrained wp-block-group-is-layout-constrained\">\n<p class=\"categorie texte-vert texte-bold\">Webinario:<\/p>\n\n\n\n<p class=\"titre texte-bleu texte-bold texte-gros\">Nueva ley sobre el acoso y la violencia de car\u00e1cter sexual <\/p>\n\n\n\n<p><em>\u00bfQu\u00e9 impactos tiene en los entornos no sindicalizados?<\/em><\/p>\n\n\n\n<p><strong>D\u00f3nde: Aplicaci\u00f3n Zoom<\/strong><\/p>\n\n\n\n<p><strong>Hora<\/strong>: de 12:00 p. m. a 1:00 p. m<\/p>\n<\/div>\n<\/div>\n<\/div>\n<\/div>\n\n\n\n<div class=\"wp-block-group evenement mb-40px has-blanc-background-color has-background is-layout-constrained wp-block-group-is-layout-constrained\">\n<div class=\"wp-block-columns row align-items-stretch is-layout-flex wp-container-core-columns-is-layout-9d6595d7 wp-block-columns-is-layout-flex\">\n<div class=\"wp-block-column date col-md-4 m-0 has-vert-background-color has-background is-layout-flow wp-block-column-is-layout-flow\">\n<div class=\"wp-block-group date-container is-layout-constrained wp-block-group-is-layout-constrained\">\n<p class=\"texte-extra-jumbo mb-0\"><strong>25<\/strong><\/p>\n\n\n\n<p class=\"mb-0 texte-majuscule texte-bold texte-tres-gros\">MARZO<\/p>\n<\/div>\n<\/div>\n\n\n\n<div class=\"wp-block-column details col-md-8 flex-column m-0 is-layout-flow wp-block-column-is-layout-flow\">\n<div class=\"wp-block-group details-contenu is-layout-constrained wp-block-group-is-layout-constrained\">\n<p class=\"categorie texte-vert texte-bold\">Taller:<\/p>\n\n\n\n<p class=\"titre texte-bleu texte-bold texte-gros\">Brecha digital:<\/p>\n\n\n\n<p><em>Taller de educaci\u00f3n popular aut\u00f3noma abierto a todas y todos.<\/em><\/p>\n\n\n\n<p><strong>D\u00f3nde: 187 rue Laurie, Sherbrooke<\/strong><\/p>\n\n\n\n<p><strong>Hora<\/strong>: de 5:00 p. m. a 7:00 p. m.<\/p>\n<\/div>\n<\/div>\n<\/div>\n<\/div>\n\n\n\n<div class=\"wp-block-group evenement mb-40px has-blanc-background-color has-background is-layout-constrained wp-block-group-is-layout-constrained\">\n<div class=\"wp-block-columns row align-items-stretch is-layout-flex wp-container-core-columns-is-layout-9d6595d7 wp-block-columns-is-layout-flex\">\n<div class=\"wp-block-column date col-md-4 m-0 has-vert-background-color has-background is-layout-flow wp-block-column-is-layout-flow\">\n<div class=\"wp-block-group date-container is-layout-constrained wp-block-group-is-layout-constrained\">\n<p class=\"texte-extra-jumbo mb-0\"><strong>1<\/strong><\/p>\n\n\n\n<p class=\"mb-0 texte-majuscule texte-bold texte-tres-gros\">MAYO<\/p>\n<\/div>\n<\/div>\n\n\n\n<div class=\"wp-block-column details col-md-8 flex-column m-0 is-layout-flow wp-block-column-is-layout-flow\">\n<div class=\"wp-block-group details-contenu is-layout-constrained wp-block-group-is-layout-constrained\">\n<p class=\"categorie texte-vert texte-bold\">Conferencia:<\/p>\n\n\n\n<p class=\"titre texte-bleu texte-bold texte-gros\"><strong>El trabajo en transformaci\u00f3n: desaf\u00edos y perspectivas <\/strong><\/p>\n\n\n\n<p><em>\u00a1Apertura de inscripciones!<\/em><\/p>\n\n\n\n<p><strong>D\u00f3nde:<\/strong> <strong>Manoir des Sables, Orford<\/strong><\/p>\n\n\n\n<p><strong>Hora: de 8:30 a.\u202fm. a 4:30 p.\u202fm.<\/strong><\/p>\n<\/div>\n<\/div>\n<\/div>\n<\/div>\n<\/div>\n<\/div>\n<\/div>\n\n\n\n<div class=\"wp-block-group graphique-vagues opacite-30 d-none d-lg-block position-absolute top-0 end-0 detectinviewport is-layout-constrained wp-block-group-is-layout-constrained\">\n<figure class=\"wp-block-image size-large is-resized onscroll-move-bottom-top vitesse-100\"><img decoding=\"async\" src=\"https:\/\/www.illusionemploi.org\/wp-content\/uploads\/2024\/09\/graphique-vagues-blanc.svg\" alt=\"\" class=\"wp-image-539\" style=\"width:468px;height:auto\"\/><\/figure>\n<\/div>\n\n\n\n<div class=\"wp-block-group graphique-vagues opacite-30 d-lg-none position-absolute bottom-0 end-0 detectinviewport is-layout-constrained wp-block-group-is-layout-constrained\">\n<figure class=\"wp-block-image size-large is-resized opacite-30 onscroll-move-bottom-top vitesse-100\"><img decoding=\"async\" src=\"https:\/\/www.illusionemploi.org\/wp-content\/uploads\/2024\/09\/graphique-vagues-blanc.svg\" alt=\"\" class=\"wp-image-539\" style=\"width:468px;height:auto\"\/><\/figure>\n<\/div>\n<\/div><\/div>\n\n<div class=\"wp-block-group alignwide px-xl-100px is-layout-constrained wp-block-group-is-layout-constrained\" style=\"padding-top:var(--wp--preset--spacing--80);padding-bottom:0\">\n<h2 class=\"wp-block-heading has-text-align-center\">\u00a1Mantente informado!<\/h2>\n\n\n\n<p class=\"has-text-align-center\" style=\"margin-bottom:0\">\u00bfLa defensa de los derechos de las trabajadoras y los trabajadores es importante para ti?<\/p>\n\n\n\n<p class=\"has-text-align-center\">Mantente al tanto con nuestros boletines informativos, comunicados y art\u00edculos.<\/p>\n\n\n\n<div style=\"height:20px\" aria-hidden=\"true\" class=\"wp-block-spacer\"><\/div>\n\n\n\n<div class=\"wp-block-columns row-cols-xl-3 row-cols-lg-3 row-cols-md-2 g-xl-100px g-lg-80px g-md-100px is-layout-flex wp-container-core-columns-is-layout-9d6595d7 wp-block-columns-is-layout-flex\">\n<div class=\"wp-block-column mb-60px is-layout-flow wp-block-column-is-layout-flow\">\n<figure class=\"wp-block-image aligncenter size-large is-resized\"><img decoding=\"async\" src=\"https:\/\/www.illusionemploi.org\/wp-content\/uploads\/2024\/09\/icon-infolettre.svg\" alt=\"\" class=\"wp-image-498\" style=\"width:auto;height:80px\"\/><\/figure>\n\n\n\n<div class=\"wp-block-buttons is-content-justification-center is-layout-flex wp-container-core-buttons-is-layout-49da4711 wp-block-buttons-is-layout-flex\" style=\"margin-top:var(--wp--preset--spacing--60);margin-bottom:var(--wp--preset--spacing--70)\">\n<div class=\"wp-block-button has-custom-font-size has-medium-font-size\"><a class=\"wp-block-button__link wp-element-button\" href=\"https:\/\/www.illusionemploi.org\/es\/boletines-informativos\/\">BOLETINES<\/a><\/div>\n<\/div>\n\n\n\n<div class=\"wp-block-group aspect-ratio-380-480 max-width-250px mx-auto is-layout-constrained wp-block-group-is-layout-constrained\">\n<figure class=\"wp-block-image size-full bordure bordure-blanche bordure-5px outline-vert outline-10px\"><img loading=\"lazy\" decoding=\"async\" width=\"380\" height=\"480\" src=\"https:\/\/www.illusionemploi.org\/wp-content\/uploads\/2024\/09\/image-soyez-informes-infolettre.jpg\" alt=\"\" class=\"wp-image-508\" srcset=\"https:\/\/www.illusionemploi.org\/wp-content\/uploads\/2024\/09\/image-soyez-informes-infolettre.jpg 380w, https:\/\/www.illusionemploi.org\/wp-content\/uploads\/2024\/09\/image-soyez-informes-infolettre-337x426.jpg 337w\" sizes=\"auto, (max-width: 380px) 100vw, 380px\" \/><\/figure>\n<\/div>\n<\/div>\n\n\n\n<div class=\"wp-block-column mb-60px is-layout-flow wp-block-column-is-layout-flow\">\n<figure class=\"wp-block-image aligncenter size-large is-resized\"><img decoding=\"async\" src=\"https:\/\/www.illusionemploi.org\/wp-content\/uploads\/2024\/09\/icon-megaphone.svg\" alt=\"\" class=\"wp-image-504\" style=\"width:auto;height:80px\"\/><\/figure>\n\n\n\n<div class=\"wp-block-buttons is-content-justification-center is-layout-flex wp-container-core-buttons-is-layout-49da4711 wp-block-buttons-is-layout-flex\" style=\"margin-top:var(--wp--preset--spacing--60);margin-bottom:var(--wp--preset--spacing--70)\">\n<div class=\"wp-block-button has-custom-font-size has-medium-font-size\"><a class=\"wp-block-button__link wp-element-button\" href=\"https:\/\/www.illusionemploi.org\/es\/comunicados\/\">COMUNICADOS<\/a><\/div>\n<\/div>\n\n\n\n<div class=\"wp-block-group aspect-ratio-380-480 max-width-250px mx-auto is-layout-constrained wp-block-group-is-layout-constrained\">\n<figure class=\"wp-block-image size-full bordure bordure-blanche bordure-5px outline-vert outline-10px\"><img loading=\"lazy\" decoding=\"async\" width=\"380\" height=\"480\" src=\"https:\/\/www.illusionemploi.org\/wp-content\/uploads\/2024\/09\/image-soyez-informes-communiques.jpg\" alt=\"\" class=\"wp-image-515\" srcset=\"https:\/\/www.illusionemploi.org\/wp-content\/uploads\/2024\/09\/image-soyez-informes-communiques.jpg 380w, https:\/\/www.illusionemploi.org\/wp-content\/uploads\/2024\/09\/image-soyez-informes-communiques-337x426.jpg 337w\" sizes=\"auto, (max-width: 380px) 100vw, 380px\" \/><\/figure>\n<\/div>\n<\/div>\n\n\n\n<div class=\"wp-block-column mb-60px is-layout-flow wp-block-column-is-layout-flow\">\n<figure class=\"wp-block-image aligncenter size-large is-resized\"><img decoding=\"async\" src=\"https:\/\/www.illusionemploi.org\/wp-content\/uploads\/2024\/09\/icon-article.svg\" alt=\"\" class=\"wp-image-517\" style=\"width:auto;height:80px\"\/><\/figure>\n\n\n\n<div class=\"wp-block-buttons is-content-justification-center is-layout-flex wp-container-core-buttons-is-layout-49da4711 wp-block-buttons-is-layout-flex\" style=\"margin-top:var(--wp--preset--spacing--60);margin-bottom:var(--wp--preset--spacing--70)\">\n<div class=\"wp-block-button has-custom-font-size has-medium-font-size\"><a class=\"wp-block-button__link wp-element-button\" href=\"https:\/\/www.illusionemploi.org\/es\/resena-de-prensa\/\">RESE\u00d1AS DE PRENSA<\/a><\/div>\n<\/div>\n\n\n\n<div class=\"wp-block-group aspect-ratio-380-480 max-width-250px mx-auto is-layout-constrained wp-block-group-is-layout-constrained\">\n<figure class=\"wp-block-image size-full bordure bordure-blanche bordure-5px outline-vert outline-10px\"><img loading=\"lazy\" decoding=\"async\" width=\"380\" height=\"480\" src=\"https:\/\/www.illusionemploi.org\/wp-content\/uploads\/2024\/09\/image-soyez-informes-articles.jpg\" alt=\"\" class=\"wp-image-518\" srcset=\"https:\/\/www.illusionemploi.org\/wp-content\/uploads\/2024\/09\/image-soyez-informes-articles.jpg 380w, https:\/\/www.illusionemploi.org\/wp-content\/uploads\/2024\/09\/image-soyez-informes-articles-337x426.jpg 337w\" sizes=\"auto, (max-width: 380px) 100vw, 380px\" \/><\/figure>\n<\/div>\n<\/div>\n<\/div>\n<\/div>\n\n<div class=\"wp-block-group alignfull fond-vert-tres-pale mt-n250px z-index-1 onscroll-move-bottom-top vitesse-30 overflow-y-hidden height-400px has-vert-fond-tres-pale-background-color has-background is-layout-constrained wp-block-group-is-layout-constrained\">\n<div class=\"wp-block-group alignfull onscroll-move-bottom-top vitesse-40 h-100 is-layout-constrained wp-block-group-is-layout-constrained\">\n<figure class=\"wp-block-image size-large opacite-20 w-100 image-cover max-width-auto mt-n100px\"><img decoding=\"async\" src=\"https:\/\/www.illusionemploi.org\/wp-content\/uploads\/2024\/09\/graphique-vagues-vert.svg\" alt=\"\" class=\"wp-image-540\"\/><\/figure>\n<\/div>\n<\/div>\n\n<div class=\"wp-block-group is-layout-constrained wp-block-group-is-layout-constrained\" style=\"padding-top:var(--wp--preset--spacing--80);padding-bottom:170px\">\n<div style=\"height:120px\" aria-hidden=\"true\" class=\"wp-block-spacer\"><\/div>\n\n\n\n<div class=\"wp-block-group is-layout-constrained wp-block-group-is-layout-constrained\">\n<div id=\"lottie-animation\" style=\"width: 200px; height: 200px;\"><\/div>\n<script>\n  \/\/ Charger l'animation Lottie\n  const animation = lottie.loadAnimation({\n    container: document.getElementById('lottie-animation'), \/\/ L'\u00e9l\u00e9ment DOM o\u00f9 l'animation sera rendue\n    renderer: 'svg',\n    loop: false, \/\/ D\u00e9sactiver la boucle\n    autoplay: false, \/\/ D\u00e9sactiver autoplay pour contr\u00f4ler manuellement le d\u00e9marrage\n    path: '\/images\/assets\/icon-crochet.json' \/\/ Le chemin vers ton fichier d'animation JSON\n  });\n\n  \/\/ Fonction de callback pour l'Intersection Observer\n  const observerCallback = (entries, observer) => {\n    entries.forEach(entry => {\n      if (entry.isIntersecting) {\n        \/\/ Rejouer l'animation depuis le d\u00e9but lorsqu'elle entre dans le viewport\n        animation.goToAndPlay(0, true); \/\/ D\u00e9marrer l'animation \u00e0 partir du d\u00e9but (frame 0)\n      } else {\n        \/\/ Si elle sort du viewport, on peut l'arr\u00eater ou la mettre en pause\n        animation.stop();\n      }\n    });\n  };\n  \/\/ Options de l'observer (seuil de visibilit\u00e9)\n  const observerOptions = {\n    threshold: 0.5 \/\/ Le callback est d\u00e9clench\u00e9 lorsque 50% de l'\u00e9l\u00e9ment est visible\n  };\n  \/\/ Cr\u00e9er l'observer\n  const observer = new IntersectionObserver(observerCallback, observerOptions);\n  \/\/ Observer l'\u00e9l\u00e9ment de l'animation\n  observer.observe(document.getElementById('lottie-animation'));\n<\/script>\n<\/div>\n\n\n\n<h3 class=\"wp-block-heading has-text-align-center has-bleu-color has-text-color has-link-color wp-elements-538e155e6852fb99c8f58aca71b1fcfb\" style=\"margin-top:0\">\u00bfLa defensa de los derechos es importante para ti?<\/h3>\n\n\n\n<div style=\"height:28px\" aria-hidden=\"true\" class=\"wp-block-spacer\"><\/div>\n\n\n\n<div class=\"wp-block-buttons is-content-justification-center is-layout-flex wp-container-core-buttons-is-layout-16018d1d wp-block-buttons-is-layout-flex\">\n<div class=\"wp-block-button has-custom-font-size has-medium-font-size\"><a class=\"wp-block-button__link wp-element-button\" href=\"https:\/\/www.illusionemploi.org\/es\/hacerme-miembro\/\">HAZTE MIEMBRO<\/a><\/div>\n<\/div>\n<\/div>\n\n<div class=\"wp-block-cover alignfull wp-block-cover--parallax wp-duotone-unset-1\" style=\"padding-top:120px;padding-bottom:150px\"><span aria-hidden=\"true\" class=\"wp-block-cover__background has-background-dim-80 has-background-dim\" style=\"background-color:#232323\"><\/span><img loading=\"lazy\" decoding=\"async\" width=\"2500\" height=\"1667\" class=\"wp-block-cover__image-background wp-image-653\" alt=\"\" src=\"https:\/\/www.illusionemploi.org\/wp-content\/uploads\/2024\/09\/travailleur-problematique-en-emploi.jpg\" data-object-fit=\"cover\" srcset=\"https:\/\/www.illusionemploi.org\/wp-content\/uploads\/2024\/09\/travailleur-problematique-en-emploi.jpg 2500w, https:\/\/www.illusionemploi.org\/wp-content\/uploads\/2024\/09\/travailleur-problematique-en-emploi-1278x852.jpg 1278w, https:\/\/www.illusionemploi.org\/wp-content\/uploads\/2024\/09\/travailleur-problematique-en-emploi-640x426.jpg 640w, https:\/\/www.illusionemploi.org\/wp-content\/uploads\/2024\/09\/travailleur-problematique-en-emploi-768x512.jpg 768w, https:\/\/www.illusionemploi.org\/wp-content\/uploads\/2024\/09\/travailleur-problematique-en-emploi-1536x1024.jpg 1536w, https:\/\/www.illusionemploi.org\/wp-content\/uploads\/2024\/09\/travailleur-problematique-en-emploi-2048x1366.jpg 2048w\" sizes=\"auto, (max-width: 2500px) 100vw, 2500px\" \/><div class=\"wp-block-cover__inner-container is-layout-constrained wp-block-cover-is-layout-constrained\">\n<h2 class=\"wp-block-heading has-text-align-center has-blanc-color has-text-color has-link-color wp-elements-aa3a92bc3345a959837525f7add754ee\">\u00bfTienes problemas <br\/>en el trabajo?<\/h2>\n\n\n\n<p class=\"has-text-align-center has-medium-font-size\">Para recibir orientaci\u00f3n y apoyo, \u00a1estamos aqu\u00ed para ayudarte!<\/p>\n\n\n\n<div style=\"height:50px\" aria-hidden=\"true\" class=\"wp-block-spacer\"><\/div>\n\n\n\n<div class=\"wp-block-buttons is-content-justification-center is-layout-flex wp-container-core-buttons-is-layout-16018d1d wp-block-buttons-is-layout-flex\">\n<div class=\"wp-block-button has-custom-font-size has-medium-font-size\"><a class=\"wp-block-button__link wp-element-button\" href=\"https:\/\/www.illusionemploi.org\/es\/contacto\/\">PIDE AYUDA<\/a><\/div>\n<\/div>\n<\/div><\/div>\n","protected":false},"excerpt":{"rendered":"<p>Illusion Emploi de Estrie es una organizaci\u00f3n sin fines de lucro dedicada a la defensa y promoci\u00f3n de los derechos de las trabajadoras y trabajadores no sindicalizados. Desde 1994, Illusion Emploi es un grupo de educaci\u00f3n popular aut\u00f3noma que informa a la poblaci\u00f3n sobre sus derechos, as\u00ed como sobre los medios para hacerlos valer a<\/p>\n","protected":false},"author":1,"featured_media":0,"parent":0,"menu_order":0,"comment_status":"closed","ping_status":"closed","template":"","meta":{"footnotes":""},"class_list":["post-2396","page","type-page","status-publish","hentry"],"yoast_head":"<!-- This site is optimized with the Yoast SEO plugin v27.5 - https:\/\/yoast.com\/product\/yoast-seo-wordpress\/ -->\n<title>Illusion Emploi - Derechos de los trabajadores no sindicalizados en Estrie<\/title>\n<meta name=\"description\" content=\"Illusion Emploi de Estrie es una organizaci\u00f3n sin fines de lucro dedicada a la defensa y promoci\u00f3n de los derechos de las trabajadoras y trabajadores no sindicalizados.\" \/>\n<meta name=\"robots\" content=\"index, follow, max-snippet:-1, max-image-preview:large, max-video-preview:-1\" \/>\n<link rel=\"canonical\" href=\"https:\/\/www.illusionemploi.org\/es\/\" \/>\n<meta property=\"og:locale\" content=\"es_ES\" \/>\n<meta property=\"og:type\" content=\"article\" \/>\n<meta property=\"og:title\" content=\"Illusion Emploi - Derechos de los trabajadores no sindicalizados en Estrie\" \/>\n<meta property=\"og:description\" content=\"Illusion Emploi de Estrie es una organizaci\u00f3n sin fines de lucro dedicada a la defensa y promoci\u00f3n de los derechos de las trabajadoras y trabajadores no sindicalizados.\" \/>\n<meta property=\"og:url\" content=\"https:\/\/www.illusionemploi.org\/es\/\" \/>\n<meta property=\"og:site_name\" content=\"Illusion Emploi\" \/>\n<meta property=\"article:publisher\" content=\"https:\/\/www.facebook.com\/profile.php?id=100068272669446\" \/>\n<meta property=\"article:modified_time\" content=\"2025-10-08T14:50:26+00:00\" \/>\n<meta property=\"og:image\" content=\"https:\/\/www.illusionemploi.org\/wp-content\/uploads\/2024\/09\/travailleurs-dans-usine-1-scaled.jpg\" \/>\n\t<meta property=\"og:image:width\" content=\"2560\" \/>\n\t<meta property=\"og:image:height\" content=\"1693\" \/>\n\t<meta property=\"og:image:type\" content=\"image\/jpeg\" \/>\n<meta name=\"twitter:card\" content=\"summary_large_image\" \/>\n<script type=\"application\/ld+json\" class=\"yoast-schema-graph\">{\"@context\":\"https:\\\/\\\/schema.org\",\"@graph\":[{\"@type\":\"WebPage\",\"@id\":\"https:\\\/\\\/www.illusionemploi.org\\\/es\\\/\",\"url\":\"https:\\\/\\\/www.illusionemploi.org\\\/es\\\/\",\"name\":\"Illusion Emploi - Derechos de los trabajadores no sindicalizados en Estrie\",\"isPartOf\":{\"@id\":\"https:\\\/\\\/www.illusionemploi.org\\\/es\\\/#website\"},\"primaryImageOfPage\":{\"@id\":\"https:\\\/\\\/www.illusionemploi.org\\\/es\\\/#primaryimage\"},\"image\":{\"@id\":\"https:\\\/\\\/www.illusionemploi.org\\\/es\\\/#primaryimage\"},\"thumbnailUrl\":\"https:\\\/\\\/www.illusionemploi.org\\\/wp-content\\\/uploads\\\/2024\\\/09\\\/travailleurs-dans-usine-1-scaled.jpg\",\"datePublished\":\"2018-08-30T19:02:20+00:00\",\"dateModified\":\"2025-10-08T14:50:26+00:00\",\"description\":\"Illusion Emploi de Estrie es una organizaci\u00f3n sin fines de lucro dedicada a la defensa y promoci\u00f3n de los derechos de las trabajadoras y trabajadores no sindicalizados.\",\"breadcrumb\":{\"@id\":\"https:\\\/\\\/www.illusionemploi.org\\\/es\\\/#breadcrumb\"},\"inLanguage\":\"es\",\"potentialAction\":[{\"@type\":\"ReadAction\",\"target\":[\"https:\\\/\\\/www.illusionemploi.org\\\/es\\\/\"]}]},{\"@type\":\"ImageObject\",\"inLanguage\":\"es\",\"@id\":\"https:\\\/\\\/www.illusionemploi.org\\\/es\\\/#primaryimage\",\"url\":\"https:\\\/\\\/www.illusionemploi.org\\\/wp-content\\\/uploads\\\/2024\\\/09\\\/travailleurs-dans-usine-1-scaled.jpg\",\"contentUrl\":\"https:\\\/\\\/www.illusionemploi.org\\\/wp-content\\\/uploads\\\/2024\\\/09\\\/travailleurs-dans-usine-1-scaled.jpg\"},{\"@type\":\"BreadcrumbList\",\"@id\":\"https:\\\/\\\/www.illusionemploi.org\\\/es\\\/#breadcrumb\",\"itemListElement\":[{\"@type\":\"ListItem\",\"position\":1,\"name\":\"Home\",\"item\":\"https:\\\/\\\/www.illusionemploi.org\\\/es\\\/\"},{\"@type\":\"ListItem\",\"position\":2,\"name\":\"Inicio\"}]},{\"@type\":\"WebSite\",\"@id\":\"https:\\\/\\\/www.illusionemploi.org\\\/es\\\/#website\",\"url\":\"https:\\\/\\\/www.illusionemploi.org\\\/es\\\/\",\"name\":\"Illusion Emploi\",\"description\":\"\",\"publisher\":{\"@id\":\"https:\\\/\\\/www.illusionemploi.org\\\/es\\\/#organization\"},\"potentialAction\":[{\"@type\":\"SearchAction\",\"target\":{\"@type\":\"EntryPoint\",\"urlTemplate\":\"https:\\\/\\\/www.illusionemploi.org\\\/es\\\/?s={search_term_string}\"},\"query-input\":{\"@type\":\"PropertyValueSpecification\",\"valueRequired\":true,\"valueName\":\"search_term_string\"}}],\"inLanguage\":\"es\"},{\"@type\":\"Organization\",\"@id\":\"https:\\\/\\\/www.illusionemploi.org\\\/es\\\/#organization\",\"name\":\"Illusion Emploi\",\"url\":\"https:\\\/\\\/www.illusionemploi.org\\\/es\\\/\",\"logo\":{\"@type\":\"ImageObject\",\"inLanguage\":\"es\",\"@id\":\"https:\\\/\\\/www.illusionemploi.org\\\/es\\\/#\\\/schema\\\/logo\\\/image\\\/\",\"url\":\"https:\\\/\\\/www.illusionemploi.org\\\/wp-content\\\/uploads\\\/2025\\\/01\\\/logo-dans-carre.png\",\"contentUrl\":\"https:\\\/\\\/www.illusionemploi.org\\\/wp-content\\\/uploads\\\/2025\\\/01\\\/logo-dans-carre.png\",\"width\":1000,\"height\":1000,\"caption\":\"Illusion Emploi\"},\"image\":{\"@id\":\"https:\\\/\\\/www.illusionemploi.org\\\/es\\\/#\\\/schema\\\/logo\\\/image\\\/\"},\"sameAs\":[\"https:\\\/\\\/www.facebook.com\\\/profile.php?id=100068272669446\"]}]}<\/script>\n<!-- \/ Yoast SEO plugin. -->","yoast_head_json":{"title":"Illusion Emploi - Derechos de los trabajadores no sindicalizados en Estrie","description":"Illusion Emploi de Estrie es una organizaci\u00f3n sin fines de lucro dedicada a la defensa y promoci\u00f3n de los derechos de las trabajadoras y trabajadores no sindicalizados.","robots":{"index":"index","follow":"follow","max-snippet":"max-snippet:-1","max-image-preview":"max-image-preview:large","max-video-preview":"max-video-preview:-1"},"canonical":"https:\/\/www.illusionemploi.org\/es\/","og_locale":"es_ES","og_type":"article","og_title":"Illusion Emploi - Derechos de los trabajadores no sindicalizados en Estrie","og_description":"Illusion Emploi de Estrie es una organizaci\u00f3n sin fines de lucro dedicada a la defensa y promoci\u00f3n de los derechos de las trabajadoras y trabajadores no sindicalizados.","og_url":"https:\/\/www.illusionemploi.org\/es\/","og_site_name":"Illusion Emploi","article_publisher":"https:\/\/www.facebook.com\/profile.php?id=100068272669446","article_modified_time":"2025-10-08T14:50:26+00:00","og_image":[{"width":2560,"height":1693,"url":"https:\/\/www.illusionemploi.org\/wp-content\/uploads\/2024\/09\/travailleurs-dans-usine-1-scaled.jpg","type":"image\/jpeg"}],"twitter_card":"summary_large_image","schema":{"@context":"https:\/\/schema.org","@graph":[{"@type":"WebPage","@id":"https:\/\/www.illusionemploi.org\/es\/","url":"https:\/\/www.illusionemploi.org\/es\/","name":"Illusion Emploi - Derechos de los trabajadores no sindicalizados en Estrie","isPartOf":{"@id":"https:\/\/www.illusionemploi.org\/es\/#website"},"primaryImageOfPage":{"@id":"https:\/\/www.illusionemploi.org\/es\/#primaryimage"},"image":{"@id":"https:\/\/www.illusionemploi.org\/es\/#primaryimage"},"thumbnailUrl":"https:\/\/www.illusionemploi.org\/wp-content\/uploads\/2024\/09\/travailleurs-dans-usine-1-scaled.jpg","datePublished":"2018-08-30T19:02:20+00:00","dateModified":"2025-10-08T14:50:26+00:00","description":"Illusion Emploi de Estrie es una organizaci\u00f3n sin fines de lucro dedicada a la defensa y promoci\u00f3n de los derechos de las trabajadoras y trabajadores no sindicalizados.","breadcrumb":{"@id":"https:\/\/www.illusionemploi.org\/es\/#breadcrumb"},"inLanguage":"es","potentialAction":[{"@type":"ReadAction","target":["https:\/\/www.illusionemploi.org\/es\/"]}]},{"@type":"ImageObject","inLanguage":"es","@id":"https:\/\/www.illusionemploi.org\/es\/#primaryimage","url":"https:\/\/www.illusionemploi.org\/wp-content\/uploads\/2024\/09\/travailleurs-dans-usine-1-scaled.jpg","contentUrl":"https:\/\/www.illusionemploi.org\/wp-content\/uploads\/2024\/09\/travailleurs-dans-usine-1-scaled.jpg"},{"@type":"BreadcrumbList","@id":"https:\/\/www.illusionemploi.org\/es\/#breadcrumb","itemListElement":[{"@type":"ListItem","position":1,"name":"Home","item":"https:\/\/www.illusionemploi.org\/es\/"},{"@type":"ListItem","position":2,"name":"Inicio"}]},{"@type":"WebSite","@id":"https:\/\/www.illusionemploi.org\/es\/#website","url":"https:\/\/www.illusionemploi.org\/es\/","name":"Illusion Emploi","description":"","publisher":{"@id":"https:\/\/www.illusionemploi.org\/es\/#organization"},"potentialAction":[{"@type":"SearchAction","target":{"@type":"EntryPoint","urlTemplate":"https:\/\/www.illusionemploi.org\/es\/?s={search_term_string}"},"query-input":{"@type":"PropertyValueSpecification","valueRequired":true,"valueName":"search_term_string"}}],"inLanguage":"es"},{"@type":"Organization","@id":"https:\/\/www.illusionemploi.org\/es\/#organization","name":"Illusion Emploi","url":"https:\/\/www.illusionemploi.org\/es\/","logo":{"@type":"ImageObject","inLanguage":"es","@id":"https:\/\/www.illusionemploi.org\/es\/#\/schema\/logo\/image\/","url":"https:\/\/www.illusionemploi.org\/wp-content\/uploads\/2025\/01\/logo-dans-carre.png","contentUrl":"https:\/\/www.illusionemploi.org\/wp-content\/uploads\/2025\/01\/logo-dans-carre.png","width":1000,"height":1000,"caption":"Illusion Emploi"},"image":{"@id":"https:\/\/www.illusionemploi.org\/es\/#\/schema\/logo\/image\/"},"sameAs":["https:\/\/www.facebook.com\/profile.php?id=100068272669446"]}]}},"_links":{"self":[{"href":"https:\/\/www.illusionemploi.org\/es\/wp-json\/wp\/v2\/pages\/2396","targetHints":{"allow":["GET"]}}],"collection":[{"href":"https:\/\/www.illusionemploi.org\/es\/wp-json\/wp\/v2\/pages"}],"about":[{"href":"https:\/\/www.illusionemploi.org\/es\/wp-json\/wp\/v2\/types\/page"}],"author":[{"embeddable":true,"href":"https:\/\/www.illusionemploi.org\/es\/wp-json\/wp\/v2\/users\/1"}],"replies":[{"embeddable":true,"href":"https:\/\/www.illusionemploi.org\/es\/wp-json\/wp\/v2\/comments?post=2396"}],"version-history":[{"count":11,"href":"https:\/\/www.illusionemploi.org\/es\/wp-json\/wp\/v2\/pages\/2396\/revisions"}],"predecessor-version":[{"id":2667,"href":"https:\/\/www.illusionemploi.org\/es\/wp-json\/wp\/v2\/pages\/2396\/revisions\/2667"}],"wp:attachment":[{"href":"https:\/\/www.illusionemploi.org\/es\/wp-json\/wp\/v2\/media?parent=2396"}],"curies":[{"name":"wp","href":"https:\/\/api.w.org\/{rel}","templated":true}]}}